{"id":12,"date":"2024-04-19T08:51:30","date_gmt":"2024-04-19T06:51:30","guid":{"rendered":"https:\/\/blindkunst.no\/?page_id=12"},"modified":"2025-01-13T15:37:07","modified_gmt":"2025-01-13T14:37:07","slug":"blindkunst","status":"publish","type":"page","link":"https:\/\/blindkunst.no\/","title":{"rendered":"Blindkunst"},"content":{"rendered":"\t\t<div data-elementor-type=\"wp-page\" data-elementor-id=\"12\" class=\"elementor elementor-12\" data-elementor-post-type=\"page\">\n\t\t\t\t<div class=\"elementor-element elementor-element-9c41436 e-con-full e-flex e-con e-parent\" data-id=\"9c41436\" data-element_type=\"container\">\n\t\t\t\t<div class=\"elementor-element elementor-element-c4e005f elementor-widget elementor-widget-image\" data-id=\"c4e005f\" data-element_type=\"widget\" data-widget_type=\"image.default\">\n\t\t\t\t<div class=\"elementor-widget-container\">\n\t\t\t\t\t\t\t\t\t\t\t\t\t<img fetchpriority=\"high\" decoding=\"async\" width=\"2500\" height=\"1855\" src=\"https:\/\/blindkunst.no\/wp-content\/uploads\/2024\/05\/Forside_WEB_0570-R.jpg\" class=\"attachment-full size-full wp-image-389\" alt=\"Bildet viser to kvinner som er kledd i hvite kl\u00e6r som er dekorert med fargerike \u00f8yne i plast, og bildet er ogs\u00e5 dekorert med mange slike fargerike prikker som ser ut som \u00f8yne som svever i luften mellom deres ansikter og kl\u00e6r. Den ene kvinnen har morkt h\u00e5r trukket tilbake i en stram stil, mens den andre har lyst, kr\u00f8llete h\u00e5r og en mer avslappet frisyre. Begge ser rett mot kameraet med et alvorlig uttrykk.\" srcset=\"https:\/\/blindkunst.no\/wp-content\/uploads\/2024\/05\/Forside_WEB_0570-R.jpg 2500w, https:\/\/blindkunst.no\/wp-content\/uploads\/2024\/05\/Forside_WEB_0570-R-300x223.jpg 300w, https:\/\/blindkunst.no\/wp-content\/uploads\/2024\/05\/Forside_WEB_0570-R-1024x760.jpg 1024w, https:\/\/blindkunst.no\/wp-content\/uploads\/2024\/05\/Forside_WEB_0570-R-768x570.jpg 768w, https:\/\/blindkunst.no\/wp-content\/uploads\/2024\/05\/Forside_WEB_0570-R-1536x1140.jpg 1536w, https:\/\/blindkunst.no\/wp-content\/uploads\/2024\/05\/Forside_WEB_0570-R-2048x1520.jpg 2048w\" sizes=\"(max-width: 2500px) 100vw, 2500px\" \/>\t\t\t\t\t\t\t\t\t\t\t\t\t<\/div>\n\t\t\t\t<\/div>\n\t\t\t\t<\/div>\n\t\t<div class=\"elementor-element elementor-element-842772c e-flex e-con-boxed e-con e-parent\" data-id=\"842772c\" data-element_type=\"container\">\n\t\t\t\t\t<div class=\"e-con-inner\">\n\t\t\t\t<div class=\"elementor-element elementor-element-b6da1d0 elementor-widget elementor-widget-text-editor\" data-id=\"b6da1d0\" data-element_type=\"widget\" data-widget_type=\"text-editor.default\">\n\t\t\t\t<div class=\"elementor-widget-container\">\n\t\t\t\t\t\t\t<h1>SER DU DET N\u00c5<\/h1><p><strong>&#8211; et kunstprosjekt av Werner Anderson<\/strong><\/p><p>Jeg har m\u00f8tt personer med ulike grader av synskvalitet. Disse har jeg hatt samtaler med om hva det egentlig betyr \u00e5 se, og jeg har fotografert \u00f8ynene deres helt tett innp\u00e5.<\/p>\t\t\t\t\t\t<\/div>\n\t\t\t\t<\/div>\n\t\t\t\t\t<\/div>\n\t\t\t\t<\/div>\n\t\t<div class=\"elementor-element elementor-element-606c9fb e-flex e-con-boxed e-con e-parent\" data-id=\"606c9fb\" data-element_type=\"container\">\n\t\t\t\t\t<div class=\"e-con-inner\">\n\t\t\t\t<div class=\"elementor-element elementor-element-23a4a52 elementor-widget elementor-widget-text-editor\" data-id=\"23a4a52\" data-element_type=\"widget\" data-widget_type=\"text-editor.default\">\n\t\t\t\t<div class=\"elementor-widget-container\">\n\t\t\t\t\t\t\t<ul><li><em>Hva betyr det \u00e5 se?<\/em><\/li><li><em>Betyr kunst noe for en som er blind?<\/em><\/li><li><em>Hvordan ser det ut i dr\u00f8mmene?<\/em><\/li><li><em>Hva er det verste med \u00e5 v\u00e6re synshemmet?<\/em><\/li><li><em>Har det noen fordeler \u00e5 ikke se s\u00e5 godt?<\/em><\/li><li><em>Hva er det du ser som ikke jeg ser?<\/em><\/li><\/ul><p>\u00a0<\/p><p><em>\u201dVi i Norges Blindeforbunds ungdom er lei av et utilgjengelig kunst- og kulturliv og vil <\/em><em>derfor bidra for \u00e5 skape inkluderende kunst! Vi \u00f8nsker \u00e5 samarbeide med kunstner og <\/em><em>fotograf Werner Anderson som har samme m\u00e5lsetting som oss om et tilgjengelig <\/em><em>kunst- og kulturliv alle kan f\u00e5 glede av.\u201d<\/em><\/p><p><strong>Silje Solvang<\/strong><br \/>Styreleder NBfU<\/p>\t\t\t\t\t\t<\/div>\n\t\t\t\t<\/div>\n\t\t\t\t<div class=\"elementor-element elementor-element-496d7c3 elementor-widget elementor-widget-text-editor\" data-id=\"496d7c3\" data-element_type=\"widget\" data-widget_type=\"text-editor.default\">\n\t\t\t\t<div class=\"elementor-widget-container\">\n\t\t\t\t\t\t\t<p style=\"text-align: center;\"><a href=\"#om-blindkunst\">Les mer om prosjektet her<\/a><\/p>\t\t\t\t\t\t<\/div>\n\t\t\t\t<\/div>\n\t\t\t\t\t<\/div>\n\t\t\t\t<\/div>\n\t\t<div class=\"elementor-element elementor-element-c2ffbf2 e-flex e-con-boxed e-con e-parent\" data-id=\"c2ffbf2\" data-element_type=\"container\">\n\t\t\t\t\t<div class=\"e-con-inner\">\n\t\t\t\t<div class=\"elementor-element elementor-element-28ae5cc elementor-widget-divider--view-line elementor-widget elementor-widget-divider\" data-id=\"28ae5cc\" data-element_type=\"widget\" data-widget_type=\"divider.default\">\n\t\t\t\t<div class=\"elementor-widget-container\">\n\t\t\t\t\t<div class=\"elementor-divider\">\n\t\t\t<span class=\"elementor-divider-separator\">\n\t\t\t\t\t\t<\/span>\n\t\t<\/div>\n\t\t\t\t<\/div>\n\t\t\t\t<\/div>\n\t\t\t\t<div class=\"elementor-element elementor-element-7f4bd52 elementor-widget elementor-widget-text-editor\" data-id=\"7f4bd52\" data-element_type=\"widget\" data-widget_type=\"text-editor.default\">\n\t\t\t\t<div class=\"elementor-widget-container\">\n\t\t\t\t\t\t\t<div id=\"joakim\">\n<h3>Joakim 25 \u00e5r<\/h3>\n<\/div>\n<img decoding=\"async\" class=\"alignnone wp-image-340 size-full\" src=\"https:\/\/blindkunst.no\/wp-content\/uploads\/2024\/05\/blindkunst_WEB_nytt-80.jpg\" alt=\"Bildet viser et n\u00e6rbilde av et menneske\u00f8ye. \u00d8yet har en veldig detaljert og teksturert iris i nyanser av bl\u00e5tt og gr\u00e5tt, med sm\u00e5 flekker av oransje rundt pupillen. \u00d8yevippene er delvis synlige i toppen av bildet, og det ser ut som om det er vann eller en form for veske som dekker \u00f8yet, noe som skaper sm\u00e5 bobler p\u00e5 overflaten. \u00d8yet ser fuktig og glansfullt ut.\" width=\"1800\" height=\"1125\" srcset=\"https:\/\/blindkunst.no\/wp-content\/uploads\/2024\/05\/blindkunst_WEB_nytt-80.jpg 1800w, https:\/\/blindkunst.no\/wp-content\/uploads\/2024\/05\/blindkunst_WEB_nytt-80-300x188.jpg 300w, https:\/\/blindkunst.no\/wp-content\/uploads\/2024\/05\/blindkunst_WEB_nytt-80-1024x640.jpg 1024w, https:\/\/blindkunst.no\/wp-content\/uploads\/2024\/05\/blindkunst_WEB_nytt-80-768x480.jpg 768w, https:\/\/blindkunst.no\/wp-content\/uploads\/2024\/05\/blindkunst_WEB_nytt-80-1536x960.jpg 1536w\" sizes=\"(max-width: 1800px) 100vw, 1800px\" \/>\n\n<div class=\"wp-playlist wp-audio-playlist wp-playlist-light\">\n\t\t\t<div class=\"wp-playlist-current-item\"><\/div>\n\t\t<audio controls=\"controls\" preload=\"none\" width=\"778\"\n\t\t\t><\/audio>\n\t<div class=\"wp-playlist-next\"><\/div>\n\t<div class=\"wp-playlist-prev\"><\/div>\n\t<noscript>\n\t<ol>\n\t\t<li><a href='https:\/\/blindkunst.no\/wp-content\/uploads\/2024\/04\/Blindkunst_Joakim_10.mp3'>Blindkunst_Joakim_10<\/a><\/li>\t<\/ol>\n\t<\/noscript>\n\t<script type=\"application\/json\" class=\"wp-playlist-script\">{\"type\":\"audio\",\"tracklist\":false,\"tracknumbers\":true,\"images\":false,\"artists\":false,\"tracks\":[{\"src\":\"https:\/\/blindkunst.no\/wp-content\/uploads\/2024\/04\/Blindkunst_Joakim_10.mp3\",\"type\":\"audio\/mpeg\",\"title\":\"Blindkunst_Joakim_10\",\"caption\":\"\",\"description\":\"\\\"Blindkunst_Joakim_10\\\".\",\"meta\":{\"length_formatted\":\"1:28\"},\"image\":{\"src\":\"https:\/\/blindkunst.no\/wp-includes\/images\/media\/audio.svg\",\"width\":48,\"height\":64},\"thumb\":{\"src\":\"https:\/\/blindkunst.no\/wp-includes\/images\/media\/audio.svg\",\"width\":48,\"height\":64}}]}<\/script>\n<\/div>\n\t\n\n<em>\u201dJeg dr\u00f8mmer jo aldri at jeg har godt syn, fordi at det vet jeg jo ikke hvordan ser ut.<\/em><em>\u201d<\/em>\t\t\t\t\t\t<\/div>\n\t\t\t\t<\/div>\n\t\t\t\t\t<\/div>\n\t\t\t\t<\/div>\n\t\t<div class=\"elementor-element elementor-element-01f699f e-flex e-con-boxed e-con e-parent\" data-id=\"01f699f\" data-element_type=\"container\">\n\t\t\t\t\t<div class=\"e-con-inner\">\n\t\t\t\t<div class=\"elementor-element elementor-element-6f012f7 elementor-widget-divider--view-line elementor-widget elementor-widget-divider\" data-id=\"6f012f7\" data-element_type=\"widget\" data-widget_type=\"divider.default\">\n\t\t\t\t<div class=\"elementor-widget-container\">\n\t\t\t\t\t<div class=\"elementor-divider\">\n\t\t\t<span class=\"elementor-divider-separator\">\n\t\t\t\t\t\t<\/span>\n\t\t<\/div>\n\t\t\t\t<\/div>\n\t\t\t\t<\/div>\n\t\t\t\t<div class=\"elementor-element elementor-element-45a4965 elementor-widget elementor-widget-text-editor\" data-id=\"45a4965\" data-element_type=\"widget\" data-widget_type=\"text-editor.default\">\n\t\t\t\t<div class=\"elementor-widget-container\">\n\t\t\t\t\t\t\t<div id=\"sunniva\"><h3><strong>Sunniva 18 \u00e5r<\/strong><\/h3><\/div><p><img decoding=\"async\" class=\"alignnone wp-image-350 size-full\" src=\"https:\/\/blindkunst.no\/wp-content\/uploads\/2024\/05\/blindkunst_WEB_nytt-90.jpg\" alt=\"Bidet viser et n\u00e6rbilde av et menneske\u00f8ye, men med en uvanlig og kunstnerisk vri. \u00d8yet har en intens gul farge med en sort ring rundt pupillen, som gir det et nesten robotaktig utseende. \u00d8yevippene er tydelige og godt definerte.\" width=\"1800\" height=\"1125\" srcset=\"https:\/\/blindkunst.no\/wp-content\/uploads\/2024\/05\/blindkunst_WEB_nytt-90.jpg 1800w, https:\/\/blindkunst.no\/wp-content\/uploads\/2024\/05\/blindkunst_WEB_nytt-90-300x188.jpg 300w, https:\/\/blindkunst.no\/wp-content\/uploads\/2024\/05\/blindkunst_WEB_nytt-90-1024x640.jpg 1024w, https:\/\/blindkunst.no\/wp-content\/uploads\/2024\/05\/blindkunst_WEB_nytt-90-768x480.jpg 768w, https:\/\/blindkunst.no\/wp-content\/uploads\/2024\/05\/blindkunst_WEB_nytt-90-1536x960.jpg 1536w\" sizes=\"(max-width: 1800px) 100vw, 1800px\" \/><\/p><div class=\"wp-playlist wp-audio-playlist wp-playlist-light\">\n\t\t\t<div class=\"wp-playlist-current-item\"><\/div>\n\t\t<audio controls=\"controls\" preload=\"none\" width=\"778\"\n\t\t\t><\/audio>\n\t<div class=\"wp-playlist-next\"><\/div>\n\t<div class=\"wp-playlist-prev\"><\/div>\n\t<noscript>\n\t<ol>\n\t\t<li><a href='https:\/\/blindkunst.no\/wp-content\/uploads\/2024\/04\/Blindkunst_Sunniva_1.mp3'>Blindkunst_Sunniva_1<\/a><\/li>\t<\/ol>\n\t<\/noscript>\n\t<script type=\"application\/json\" class=\"wp-playlist-script\">{\"type\":\"audio\",\"tracklist\":false,\"tracknumbers\":true,\"images\":false,\"artists\":false,\"tracks\":[{\"src\":\"https:\/\/blindkunst.no\/wp-content\/uploads\/2024\/04\/Blindkunst_Sunniva_1.mp3\",\"type\":\"audio\/mpeg\",\"title\":\"Blindkunst_Sunniva_1\",\"caption\":\"\",\"description\":\"\\\"Blindkunst_Sunniva_1\\\".\",\"meta\":{\"length_formatted\":\"5:25\"},\"image\":{\"src\":\"https:\/\/blindkunst.no\/wp-includes\/images\/media\/audio.svg\",\"width\":48,\"height\":64},\"thumb\":{\"src\":\"https:\/\/blindkunst.no\/wp-includes\/images\/media\/audio.svg\",\"width\":48,\"height\":64}}]}<\/script>\n<\/div>\n\t<p><em>\u201dJeg tror nok kanskje at mine dr\u00f8mmer ser like ut de som alle andre som ser sine dr\u00f8mmer, fordi at jeg har sett ganske greit og ser forholdsvis ok n\u00e5. S\u00e5 jeg har alltid dr\u00f8mt i bilder og s\u00e5nn og farger og detaljer. Jeg tror det hadde v\u00e6rt annerledes om jeg aldri hadde sett.\u201d<\/em><\/p><p><em>\u201dDet er jo kjipt \u00e5 ikke se og kjipt \u00e5 ikke kunne kj\u00f8re bil for eksempel. Det er jo klart at det er jo t\u00f8ft i perioder. Spesielt n\u00e5r folk gj\u00f8r ting som du vet at du aldri kan gj\u00f8re p\u00e5 grunn av d\u00e5rlig syn. Det hender at du kjenner litt p\u00e5 det, og spesielt n\u00e5r jeg har en tvillingbror som ser godt, s\u00e5 blir de forskjellene veldig tydelig.\u201d<\/em><\/p>\t\t\t\t\t\t<\/div>\n\t\t\t\t<\/div>\n\t\t\t\t\t<\/div>\n\t\t\t\t<\/div>\n\t\t<div class=\"elementor-element elementor-element-088db82 e-flex e-con-boxed e-con e-parent\" data-id=\"088db82\" data-element_type=\"container\">\n\t\t\t\t\t<div class=\"e-con-inner\">\n\t\t\t\t<div class=\"elementor-element elementor-element-010791c elementor-widget-divider--view-line elementor-widget elementor-widget-divider\" data-id=\"010791c\" data-element_type=\"widget\" data-widget_type=\"divider.default\">\n\t\t\t\t<div class=\"elementor-widget-container\">\n\t\t\t\t\t<div class=\"elementor-divider\">\n\t\t\t<span class=\"elementor-divider-separator\">\n\t\t\t\t\t\t<\/span>\n\t\t<\/div>\n\t\t\t\t<\/div>\n\t\t\t\t<\/div>\n\t\t\t\t<div class=\"elementor-element elementor-element-1e03102 elementor-widget elementor-widget-text-editor\" data-id=\"1e03102\" data-element_type=\"widget\" data-widget_type=\"text-editor.default\">\n\t\t\t\t<div class=\"elementor-widget-container\">\n\t\t\t\t\t\t\t<div id=\"solveig\" class=\"darklup-observer--node darklup--observed\"><h3 class=\"darklup--observed\"><strong class=\"darklup--observed\">Solveig 30 \u00e5r<\/strong><\/h3><\/div><p class=\"darklup-observer--node darklup--observed\"><img loading=\"lazy\" decoding=\"async\" class=\"alignnone wp-image-125 size-full darklup--img\" src=\"https:\/\/blindkunst.no\/wp-content\/uploads\/2024\/04\/Blindkunst_web-2.jpg\" alt=\"Bildet viser et n\u00e6rbilde av et menneske\u00f8ye, satt sammen av flere mindre bilder som danner et slags mosaikkmonster. \u00d8yet har en brun iris og er omgitt av lange \u00f8yevipper.\" width=\"1800\" height=\"1133\" srcset=\"https:\/\/blindkunst.no\/wp-content\/uploads\/2024\/04\/Blindkunst_web-2.jpg 1800w, https:\/\/blindkunst.no\/wp-content\/uploads\/2024\/04\/Blindkunst_web-2-300x189.jpg 300w, https:\/\/blindkunst.no\/wp-content\/uploads\/2024\/04\/Blindkunst_web-2-1024x645.jpg 1024w, https:\/\/blindkunst.no\/wp-content\/uploads\/2024\/04\/Blindkunst_web-2-768x483.jpg 768w, https:\/\/blindkunst.no\/wp-content\/uploads\/2024\/04\/Blindkunst_web-2-1536x967.jpg 1536w\" sizes=\"(max-width: 1800px) 100vw, 1800px\" \/><\/p><div class=\"wp-playlist wp-audio-playlist wp-playlist-light\">\n\t\t\t<div class=\"wp-playlist-current-item\"><\/div>\n\t\t<audio controls=\"controls\" preload=\"none\" width=\"778\"\n\t\t\t><\/audio>\n\t<div class=\"wp-playlist-next\"><\/div>\n\t<div class=\"wp-playlist-prev\"><\/div>\n\t<noscript>\n\t<ol>\n\t\t<li><a href='https:\/\/blindkunst.no\/wp-content\/uploads\/2024\/04\/Blindkunst_Solveig_2.mp3'>Blindkunst_Solveig_2<\/a><\/li>\t<\/ol>\n\t<\/noscript>\n\t<script type=\"application\/json\" class=\"wp-playlist-script\">{\"type\":\"audio\",\"tracklist\":false,\"tracknumbers\":true,\"images\":false,\"artists\":false,\"tracks\":[{\"src\":\"https:\/\/blindkunst.no\/wp-content\/uploads\/2024\/04\/Blindkunst_Solveig_2.mp3\",\"type\":\"audio\/mpeg\",\"title\":\"Blindkunst_Solveig_2\",\"caption\":\"\",\"description\":\"\\\"Blindkunst_Solveig_2\\\".\",\"meta\":{\"length_formatted\":\"4:37\"},\"image\":{\"src\":\"https:\/\/blindkunst.no\/wp-includes\/images\/media\/audio.svg\",\"width\":48,\"height\":64},\"thumb\":{\"src\":\"https:\/\/blindkunst.no\/wp-includes\/images\/media\/audio.svg\",\"width\":48,\"height\":64}}]}<\/script>\n<\/div>\n\t<p class=\"darklup-observer--node darklup--observed\"><em class=\"darklup--observed\">\u201dHusker jeg ble veldig skuffet n\u00e5r jeg fant ut at onkelen min sin sofa var gr\u00e5 og ikke <\/em><em class=\"darklup--observed\">r\u00f8d, som jeg trodde den var. S\u00e5 kult hvis den var r\u00f8d!<\/em><em class=\"darklup--observed\">\u201d<\/em><\/p><p class=\"darklup-observer--node darklup--observed\"><em class=\"darklup--observed\">\u201dDet hender jo at stemmen til folk for eksempel avsl\u00f8rer at de kanskje ikke har det <\/em><em class=\"darklup--observed\">bra, selv om de klarer \u00e5 holde fjeset p\u00e5 plass. Det har jeg opplevd, at jeg har bed\u00f8mt <\/em><em class=\"darklup--observed\">forskjellig om hvordan folk har det. Ja, jeg merker kanskje at det var noe som ikke <\/em><em class=\"darklup--observed\">andre merker, fordi i det tilfellet, s\u00e5 var det stemmen som avsl\u00f8rte og ikke ansiktet.&#8221;<\/em><\/p>\t\t\t\t\t\t<\/div>\n\t\t\t\t<\/div>\n\t\t\t\t\t<\/div>\n\t\t\t\t<\/div>\n\t\t<div class=\"elementor-element elementor-element-5be16c4 e-flex e-con-boxed e-con e-parent\" data-id=\"5be16c4\" data-element_type=\"container\">\n\t\t\t\t\t<div class=\"e-con-inner\">\n\t\t\t\t<div class=\"elementor-element elementor-element-e15773f elementor-widget-divider--view-line elementor-widget elementor-widget-divider\" data-id=\"e15773f\" data-element_type=\"widget\" data-widget_type=\"divider.default\">\n\t\t\t\t<div class=\"elementor-widget-container\">\n\t\t\t\t\t<div class=\"elementor-divider\">\n\t\t\t<span class=\"elementor-divider-separator\">\n\t\t\t\t\t\t<\/span>\n\t\t<\/div>\n\t\t\t\t<\/div>\n\t\t\t\t<\/div>\n\t\t\t\t<div class=\"elementor-element elementor-element-5f92dfc elementor-widget elementor-widget-text-editor\" data-id=\"5f92dfc\" data-element_type=\"widget\" data-widget_type=\"text-editor.default\">\n\t\t\t\t<div class=\"elementor-widget-container\">\n\t\t\t\t\t\t\t<div id=\"ragna_elise\" class=\"darklup-observer--node darklup--observed\"><h3 class=\"darklup--observed\"><strong class=\"darklup--observed\">Ragna Elise 31 \u00e5r<\/strong><\/h3><\/div><p class=\"darklup-observer--node darklup--observed\"><img loading=\"lazy\" decoding=\"async\" class=\"alignnone wp-image-126 size-full darklup--img\" src=\"https:\/\/blindkunst.no\/wp-content\/uploads\/2024\/04\/Blindkunst_web-3.jpg\" alt=\"Bidet viser et trykk av et menneske\u00f8ye p\u00e5 et stoff. \u00d8yet er bl\u00e5tt med en svart pupill og omgitt av hudfarget omr\u00e5de med rosa og bl\u00e5 nyanser. Over ligger en gjenstand som ser ut som en \u00f8yeeplemodell med bl\u00e5 iris og r\u00f8de blod\u00e5rer tegnet p\u00e5. Stoffet med \u00f8yetrykket er brettet og ligger p\u00e5 en overflate med blindeskrift.\" width=\"1800\" height=\"1133\" srcset=\"https:\/\/blindkunst.no\/wp-content\/uploads\/2024\/04\/Blindkunst_web-3.jpg 1800w, https:\/\/blindkunst.no\/wp-content\/uploads\/2024\/04\/Blindkunst_web-3-300x189.jpg 300w, https:\/\/blindkunst.no\/wp-content\/uploads\/2024\/04\/Blindkunst_web-3-1024x645.jpg 1024w, https:\/\/blindkunst.no\/wp-content\/uploads\/2024\/04\/Blindkunst_web-3-768x483.jpg 768w, https:\/\/blindkunst.no\/wp-content\/uploads\/2024\/04\/Blindkunst_web-3-1536x967.jpg 1536w\" sizes=\"(max-width: 1800px) 100vw, 1800px\" \/><\/p><div class=\"wp-playlist wp-audio-playlist wp-playlist-light\">\n\t\t\t<div class=\"wp-playlist-current-item\"><\/div>\n\t\t<audio controls=\"controls\" preload=\"none\" width=\"778\"\n\t\t\t><\/audio>\n\t<div class=\"wp-playlist-next\"><\/div>\n\t<div class=\"wp-playlist-prev\"><\/div>\n\t<noscript>\n\t<ol>\n\t\t<li><a href='https:\/\/blindkunst.no\/wp-content\/uploads\/2024\/04\/Blindkunst_Ragne-Elise_3.mp3'>Blindkunst_Ragne Elise_3<\/a><\/li>\t<\/ol>\n\t<\/noscript>\n\t<script type=\"application\/json\" class=\"wp-playlist-script\">{\"type\":\"audio\",\"tracklist\":false,\"tracknumbers\":true,\"images\":false,\"artists\":false,\"tracks\":[{\"src\":\"https:\/\/blindkunst.no\/wp-content\/uploads\/2024\/04\/Blindkunst_Ragne-Elise_3.mp3\",\"type\":\"audio\/mpeg\",\"title\":\"Blindkunst_Ragne Elise_3\",\"caption\":\"\",\"description\":\"\\\"Blindkunst_Ragne Elise_3\\\".\",\"meta\":{\"length_formatted\":\"4:30\"},\"image\":{\"src\":\"https:\/\/blindkunst.no\/wp-includes\/images\/media\/audio.svg\",\"width\":48,\"height\":64},\"thumb\":{\"src\":\"https:\/\/blindkunst.no\/wp-includes\/images\/media\/audio.svg\",\"width\":48,\"height\":64}}]}<\/script>\n<\/div>\n\t<p class=\"darklup-observer--node darklup--observed\"><em class=\"darklup--observed\">\u201dDet jeg hadde hatt lyst til \u00e5 forbedre, det er at det skal bli enklere for fullt seende og andre svaksynte for den del, \u00e5 forst\u00e5 hvordan andre ser. Det er utrolig vanskelig, for jeg husker jo selv n\u00e5r folk begynte \u00e5 sp\u00f8rre meg: \u201dHva ser du n\u00e5? Hvordan ser du n\u00e5?\u201d<br class=\"darklup--observed\" \/><\/em><em class=\"darklup--observed\">Det er som \u00e5 se gjennom et suger\u00f8r eller en kikkert, svarer jeg. For meg s\u00e5 er det at jeg ser to rundinger som jeg p\u00e5 en m\u00e5te ser ut ifra, men for meg s\u00e5 er det som et fullt syn, s\u00e5 jeg har liksom ikke noe referansepunkt fra hvordan jeg s\u00e5 f\u00f8r.\u201d<\/em><\/p><p class=\"darklup-observer--node darklup--observed\"><em class=\"darklup--observed\">\u201dDet er vanskelig \u00e5 navigere seg ute, spesielt hvis det er mange folk og mye som skjer. Jeg er blitt veldig lyd-avhengig for \u00e5 finne ut av omgivelser og hvor folk er i forhold til meg, og spesielt ved fotovergangsfelt, n\u00e5r har jeg har lov til \u00e5 g\u00e5 og ikke g\u00e5?\u201d<\/em><\/p>\t\t\t\t\t\t<\/div>\n\t\t\t\t<\/div>\n\t\t\t\t\t<\/div>\n\t\t\t\t<\/div>\n\t\t<div class=\"elementor-element elementor-element-9d0642f e-flex e-con-boxed e-con e-parent\" data-id=\"9d0642f\" data-element_type=\"container\">\n\t\t\t\t\t<div class=\"e-con-inner\">\n\t\t\t\t<div class=\"elementor-element elementor-element-6215843 elementor-widget-divider--view-line elementor-widget elementor-widget-divider\" data-id=\"6215843\" data-element_type=\"widget\" data-widget_type=\"divider.default\">\n\t\t\t\t<div class=\"elementor-widget-container\">\n\t\t\t\t\t<div class=\"elementor-divider\">\n\t\t\t<span class=\"elementor-divider-separator\">\n\t\t\t\t\t\t<\/span>\n\t\t<\/div>\n\t\t\t\t<\/div>\n\t\t\t\t<\/div>\n\t\t\t\t<div class=\"elementor-element elementor-element-b2a6fc9 elementor-widget elementor-widget-text-editor\" data-id=\"b2a6fc9\" data-element_type=\"widget\" data-widget_type=\"text-editor.default\">\n\t\t\t\t<div class=\"elementor-widget-container\">\n\t\t\t\t\t\t\t<div id=\"shahid\" class=\"darklup-observer--node darklup--observed\"><h3 class=\"darklup--observed\"><strong class=\"darklup--observed\">Shahid 17 \u00e5r<\/strong><\/h3><\/div><p class=\"darklup-observer--node darklup--observed\"><img loading=\"lazy\" decoding=\"async\" class=\"alignnone wp-image-127 size-full darklup--img\" src=\"https:\/\/blindkunst.no\/wp-content\/uploads\/2024\/04\/Blindkunst_web-4.jpg\" alt=\"Bidet viser et n\u00e6rbilde av et menneske\u00f8ye. \u00d8yet er \u00e5pent og man kan se \u00f8yevippene og \u00f8yenbrynene i detalj. Midten av \u00f8yet er revet bort og man kan se papirfibrene rundt den revne kanten der pupill og iris skulle v\u00e6rt. Dette hullet i papiret fotografiet er trykket p\u00e5 dekker nesten hele \u00f8yet og gj\u00f8r det vanskelig \u00e5 se \u00f8yets faktiske farge.\" width=\"1800\" height=\"1133\" srcset=\"https:\/\/blindkunst.no\/wp-content\/uploads\/2024\/04\/Blindkunst_web-4.jpg 1800w, https:\/\/blindkunst.no\/wp-content\/uploads\/2024\/04\/Blindkunst_web-4-300x189.jpg 300w, https:\/\/blindkunst.no\/wp-content\/uploads\/2024\/04\/Blindkunst_web-4-1024x645.jpg 1024w, https:\/\/blindkunst.no\/wp-content\/uploads\/2024\/04\/Blindkunst_web-4-768x483.jpg 768w, https:\/\/blindkunst.no\/wp-content\/uploads\/2024\/04\/Blindkunst_web-4-1536x967.jpg 1536w\" sizes=\"(max-width: 1800px) 100vw, 1800px\" \/><\/p><div class=\"wp-playlist wp-audio-playlist wp-playlist-light\">\n\t\t\t<div class=\"wp-playlist-current-item\"><\/div>\n\t\t<audio controls=\"controls\" preload=\"none\" width=\"778\"\n\t\t\t><\/audio>\n\t<div class=\"wp-playlist-next\"><\/div>\n\t<div class=\"wp-playlist-prev\"><\/div>\n\t<noscript>\n\t<ol>\n\t\t<li><a href='https:\/\/blindkunst.no\/wp-content\/uploads\/2024\/04\/Blindkunst_Sahshed_4.mp3'>Blindkunst_Sahshed_4<\/a><\/li>\t<\/ol>\n\t<\/noscript>\n\t<script type=\"application\/json\" class=\"wp-playlist-script\">{\"type\":\"audio\",\"tracklist\":false,\"tracknumbers\":true,\"images\":false,\"artists\":false,\"tracks\":[{\"src\":\"https:\/\/blindkunst.no\/wp-content\/uploads\/2024\/04\/Blindkunst_Sahshed_4.mp3\",\"type\":\"audio\/mpeg\",\"title\":\"Blindkunst_Sahshed_4\",\"caption\":\"\",\"description\":\"\\\"Blindkunst_Sahshed_4\\\".\",\"meta\":{\"length_formatted\":\"4:25\"},\"image\":{\"src\":\"https:\/\/blindkunst.no\/wp-includes\/images\/media\/audio.svg\",\"width\":48,\"height\":64},\"thumb\":{\"src\":\"https:\/\/blindkunst.no\/wp-includes\/images\/media\/audio.svg\",\"width\":48,\"height\":64}}]}<\/script>\n<\/div>\n\t<p class=\"darklup-observer--node darklup--observed\"><em class=\"darklup--observed\">\u201d\u00c5 se, det er et uttrykk som kan bli brukt p\u00e5 mange m\u00e5ter, s\u00e5 \u00e5 definere det, det er p\u00e5 ingen m\u00e5te lett.<br class=\"darklup--observed\" \/>Jeg kan si at jeg kan bruke det som kalles ekkolokalisering. En form for \u00e5 kaste lydb\u00f8lger fram og tilbake. Du lager en lyd, enten det er tunge eller med fingeren, som vil sl\u00e5 tilbake n\u00e5r den treffer noe, s\u00e5 er det opp til deg \u00e5 finne ut at jeg er s\u00e5, og s\u00e5 langt borte fra det og det, og dette objektet har denne formen. Det er min m\u00e5te \u00e5 se p\u00e5.\u201d<\/em><\/p><p class=\"darklup-observer--node darklup--observed\"><em class=\"darklup--observed\">\u201dFor meg er farger bare et ord. Det har ingen betydning for meg, for jeg vet ikke hva r\u00f8d eller bl\u00e5 eller kvit egentlige er. Jeg vet liksom ikke, for jeg vet bare at det er ord. Bare fordi ting er farget p\u00e5 en m\u00e5te, betyr ikke at det har en spesifikt smak eller lukt eller fasong.<\/em><em class=\"darklup--observed\">\u201d<\/em><\/p>\t\t\t\t\t\t<\/div>\n\t\t\t\t<\/div>\n\t\t\t\t\t<\/div>\n\t\t\t\t<\/div>\n\t\t<div class=\"elementor-element elementor-element-5c9f073 e-flex e-con-boxed e-con e-parent\" data-id=\"5c9f073\" data-element_type=\"container\">\n\t\t\t\t\t<div class=\"e-con-inner\">\n\t\t\t\t<div class=\"elementor-element elementor-element-69ee806 elementor-widget-divider--view-line elementor-widget elementor-widget-divider\" data-id=\"69ee806\" data-element_type=\"widget\" data-widget_type=\"divider.default\">\n\t\t\t\t<div class=\"elementor-widget-container\">\n\t\t\t\t\t<div class=\"elementor-divider\">\n\t\t\t<span class=\"elementor-divider-separator\">\n\t\t\t\t\t\t<\/span>\n\t\t<\/div>\n\t\t\t\t<\/div>\n\t\t\t\t<\/div>\n\t\t\t\t<div class=\"elementor-element elementor-element-d502efc elementor-widget elementor-widget-text-editor\" data-id=\"d502efc\" data-element_type=\"widget\" data-widget_type=\"text-editor.default\">\n\t\t\t\t<div class=\"elementor-widget-container\">\n\t\t\t\t\t\t\t<div id=\"katrine\" class=\"darklup-observer--node darklup--observed\"><h3 class=\"darklup--observed\"><strong class=\"darklup--observed\">Katrine 32 \u00e5r<\/strong><\/h3><\/div><p class=\"darklup-observer--node darklup--observed\"><img loading=\"lazy\" decoding=\"async\" class=\"alignnone wp-image-355 size-full darklup--img\" src=\"https:\/\/blindkunst.no\/wp-content\/uploads\/2024\/05\/blindkunst_keramikk-WEB-8435.jpg\" alt=\"Bildet viser en keramikkskulptur av et ansikt uten \u00f8yne, med en grov og ujevn overflate. Den er m\u00f8rkegr\u00e5bl\u00e5 og har mange sm\u00e5 og store fordypninger som gir det en teksturert f\u00f8lelse. Det er montert p\u00e5 en hvit, prikkete bakgrunn av punktskrift.\" width=\"1800\" height=\"1200\" srcset=\"https:\/\/blindkunst.no\/wp-content\/uploads\/2024\/05\/blindkunst_keramikk-WEB-8435.jpg 1800w, https:\/\/blindkunst.no\/wp-content\/uploads\/2024\/05\/blindkunst_keramikk-WEB-8435-300x200.jpg 300w, https:\/\/blindkunst.no\/wp-content\/uploads\/2024\/05\/blindkunst_keramikk-WEB-8435-1024x683.jpg 1024w, https:\/\/blindkunst.no\/wp-content\/uploads\/2024\/05\/blindkunst_keramikk-WEB-8435-768x512.jpg 768w, https:\/\/blindkunst.no\/wp-content\/uploads\/2024\/05\/blindkunst_keramikk-WEB-8435-1536x1024.jpg 1536w\" sizes=\"(max-width: 1800px) 100vw, 1800px\" \/><\/p><div class=\"wp-playlist wp-audio-playlist wp-playlist-light\">\n\t\t\t<div class=\"wp-playlist-current-item\"><\/div>\n\t\t<audio controls=\"controls\" preload=\"none\" width=\"778\"\n\t\t\t><\/audio>\n\t<div class=\"wp-playlist-next\"><\/div>\n\t<div class=\"wp-playlist-prev\"><\/div>\n\t<noscript>\n\t<ol>\n\t\t<li><a href='https:\/\/blindkunst.no\/wp-content\/uploads\/2024\/04\/Blindkunst_Katrine_5.mp3'>Blindkunst_Katrine_5<\/a><\/li>\t<\/ol>\n\t<\/noscript>\n\t<script type=\"application\/json\" class=\"wp-playlist-script\">{\"type\":\"audio\",\"tracklist\":false,\"tracknumbers\":true,\"images\":false,\"artists\":false,\"tracks\":[{\"src\":\"https:\/\/blindkunst.no\/wp-content\/uploads\/2024\/04\/Blindkunst_Katrine_5.mp3\",\"type\":\"audio\/mpeg\",\"title\":\"Blindkunst_Katrine_5\",\"caption\":\"\",\"description\":\"\\\"Blindkunst_Katrine_5\\\".\",\"meta\":{\"length_formatted\":\"5:52\"},\"image\":{\"src\":\"https:\/\/blindkunst.no\/wp-includes\/images\/media\/audio.svg\",\"width\":48,\"height\":64},\"thumb\":{\"src\":\"https:\/\/blindkunst.no\/wp-includes\/images\/media\/audio.svg\",\"width\":48,\"height\":64}}]}<\/script>\n<\/div>\n\t<p class=\"darklup-observer--node darklup--observed\"><em class=\"darklup--observed\">\u201dKunst er noe som kan formidle f\u00f8lelser, stemning og hum\u00f8r til b\u00e5de de som lager kunsten, men ogs\u00e5 de som ser den, eller opplever den da. Litt avhengig av ja, hvor man er i livet og hva som man tenker p\u00e5 der og da. Jeg er veldig glad i kunst, og har g\u00e5tt kunsth\u00e5ndverk eller formgivings-linje p\u00e5 videreg\u00e5ende. En veldig fin del av livet mitt.\u201d<\/em><\/p>\t\t\t\t\t\t<\/div>\n\t\t\t\t<\/div>\n\t\t\t\t\t<\/div>\n\t\t\t\t<\/div>\n\t\t<div class=\"elementor-element elementor-element-cdad787 e-flex e-con-boxed e-con e-parent\" data-id=\"cdad787\" data-element_type=\"container\">\n\t\t\t\t\t<div class=\"e-con-inner\">\n\t\t\t\t<div class=\"elementor-element elementor-element-f7be56f elementor-widget-divider--view-line elementor-widget elementor-widget-divider\" data-id=\"f7be56f\" data-element_type=\"widget\" data-widget_type=\"divider.default\">\n\t\t\t\t<div class=\"elementor-widget-container\">\n\t\t\t\t\t<div class=\"elementor-divider\">\n\t\t\t<span class=\"elementor-divider-separator\">\n\t\t\t\t\t\t<\/span>\n\t\t<\/div>\n\t\t\t\t<\/div>\n\t\t\t\t<\/div>\n\t\t\t\t<div class=\"elementor-element elementor-element-103b165 elementor-widget elementor-widget-text-editor\" data-id=\"103b165\" data-element_type=\"widget\" data-widget_type=\"text-editor.default\">\n\t\t\t\t<div class=\"elementor-widget-container\">\n\t\t\t\t\t\t\t<div id=\"mathea\" class=\"darklup-observer--node darklup--observed\"><h3 class=\"darklup--observed\">Mathea 25 \u00e5r<\/h3><\/div><p class=\"darklup-observer--node darklup--observed\"><img loading=\"lazy\" decoding=\"async\" class=\"alignnone wp-image-128 size-full darklup--img\" src=\"https:\/\/blindkunst.no\/wp-content\/uploads\/2024\/04\/Blindkunst_web-6.jpg\" alt=\"Bildet viser et n\u00e6rbilde av et menneske\u00f8ye som er forst\u00f8rret gjennom et forst\u00f8rrelseglass. \u00d8yet har en gr\u00f8nnlig iris med svarte detaljer. \u00d8yevippene er synlige p\u00e5 toppen av bildet. Bakgrunnen er uskarp og rosa. Forst\u00f8rrelseglasset har en svart ramme og h\u00e5ndtak.\" width=\"1800\" height=\"1133\" srcset=\"https:\/\/blindkunst.no\/wp-content\/uploads\/2024\/04\/Blindkunst_web-6.jpg 1800w, https:\/\/blindkunst.no\/wp-content\/uploads\/2024\/04\/Blindkunst_web-6-300x189.jpg 300w, https:\/\/blindkunst.no\/wp-content\/uploads\/2024\/04\/Blindkunst_web-6-1024x645.jpg 1024w, https:\/\/blindkunst.no\/wp-content\/uploads\/2024\/04\/Blindkunst_web-6-768x483.jpg 768w, https:\/\/blindkunst.no\/wp-content\/uploads\/2024\/04\/Blindkunst_web-6-1536x967.jpg 1536w\" sizes=\"(max-width: 1800px) 100vw, 1800px\" \/><\/p><div class=\"wp-playlist wp-audio-playlist wp-playlist-light\">\n\t\t\t<div class=\"wp-playlist-current-item\"><\/div>\n\t\t<audio controls=\"controls\" preload=\"none\" width=\"778\"\n\t\t\t><\/audio>\n\t<div class=\"wp-playlist-next\"><\/div>\n\t<div class=\"wp-playlist-prev\"><\/div>\n\t<noscript>\n\t<ol>\n\t\t<li><a href='https:\/\/blindkunst.no\/wp-content\/uploads\/2024\/04\/Blindkunst_Mathea_6.mp3'>Blindkunst_Mathea_6<\/a><\/li>\t<\/ol>\n\t<\/noscript>\n\t<script type=\"application\/json\" class=\"wp-playlist-script\">{\"type\":\"audio\",\"tracklist\":false,\"tracknumbers\":true,\"images\":false,\"artists\":false,\"tracks\":[{\"src\":\"https:\/\/blindkunst.no\/wp-content\/uploads\/2024\/04\/Blindkunst_Mathea_6.mp3\",\"type\":\"audio\/mpeg\",\"title\":\"Blindkunst_Mathea_6\",\"caption\":\"\",\"description\":\"\\\"Blindkunst_Mathea_6\\\".\",\"meta\":{\"length_formatted\":\"4:18\"},\"image\":{\"src\":\"https:\/\/blindkunst.no\/wp-includes\/images\/media\/audio.svg\",\"width\":48,\"height\":64},\"thumb\":{\"src\":\"https:\/\/blindkunst.no\/wp-includes\/images\/media\/audio.svg\",\"width\":48,\"height\":64}}]}<\/script>\n<\/div>\n\t<p class=\"darklup-observer--node darklup--observed\"><em class=\"darklup--observed\">\u201dJeg kan se farger, veldig glad i farger. Problemet kan v\u00e6re, hvis det for eksempel er farger som er veldig like hverandre. \u00c5 se forskjellen p\u00e5 svart og m\u00f8rk, m\u00f8rk, m\u00f8rk, bl\u00e5 eller si en m\u00f8rkebl\u00e5 med en m\u00f8rke lilla. Slike farger kan v\u00e6re litt vanskeligere \u00e5 skille. Gr\u00f8nn, det har jeg alltid likt. B\u00e5de knallgr\u00f8nn, men ogs\u00e5 m\u00f8rkegr\u00f8nt. Veldig beroligende og fint med gr\u00f8nt.\u201d<\/em><\/p><p class=\"darklup-observer--node darklup--observed\"><em class=\"darklup--observed\">\u201dDet kommer jo veldig mye historier n\u00e5r man ser d\u00e5rlig. Blant annet hvordan folk m\u00f8ter deg. Det kan v\u00e6re alt fra folk som tror du er helt blind, som sier: \u201dtrinn, trinn\u201d, eller tar tak i hendene dine og sier at dette er meg, til folk som ikke tror deg. Og det er vel egentlig min st\u00f8rste utfordring, for jeg f\u00e5r ofte h\u00f8re at jeg ikke ser blind ut, og derfor blir jeg rett og slett ikke trodd n\u00e5r jeg er ung og ganske velfungerende. Klarer \u00e5 orientere meg, men jeg klarer ikke \u00e5 se mine egne t\u00e6r, og likevel s\u00e5 blir jeg ikke trodd n\u00e5r jeg ber om hjelp! Det kan v\u00e6re en ganske stor utfordring.\u201d<\/em><\/p>\t\t\t\t\t\t<\/div>\n\t\t\t\t<\/div>\n\t\t\t\t\t<\/div>\n\t\t\t\t<\/div>\n\t\t<div class=\"elementor-element elementor-element-ff82022 e-flex e-con-boxed e-con e-parent\" data-id=\"ff82022\" data-element_type=\"container\">\n\t\t\t\t\t<div class=\"e-con-inner\">\n\t\t\t\t<div class=\"elementor-element elementor-element-2842df3 elementor-widget-divider--view-line elementor-widget elementor-widget-divider\" data-id=\"2842df3\" data-element_type=\"widget\" data-widget_type=\"divider.default\">\n\t\t\t\t<div class=\"elementor-widget-container\">\n\t\t\t\t\t<div class=\"elementor-divider\">\n\t\t\t<span class=\"elementor-divider-separator\">\n\t\t\t\t\t\t<\/span>\n\t\t<\/div>\n\t\t\t\t<\/div>\n\t\t\t\t<\/div>\n\t\t\t\t<div class=\"elementor-element elementor-element-d420860 elementor-widget elementor-widget-text-editor\" data-id=\"d420860\" data-element_type=\"widget\" data-widget_type=\"text-editor.default\">\n\t\t\t\t<div class=\"elementor-widget-container\">\n\t\t\t\t\t\t\t<div id=\"tiril\" class=\"darklup-observer--node darklup--observed\"><h3 class=\"darklup--observed\">Tiril 17 \u00e5r<\/h3><\/div><p class=\"darklup-observer--node darklup--observed\"><img loading=\"lazy\" decoding=\"async\" class=\"alignnone wp-image-360 size-full darklup--img\" src=\"https:\/\/blindkunst.no\/wp-content\/uploads\/2024\/05\/blindkunst_keramikk-WEB-8437.jpg\" alt=\"Bildet viser en kunstnerisk skulptur av et ansikt. Ansiktet har en m\u00f8rk bl\u00e5 farge med nyanser av m\u00f8rke og lyse h\u00f8ydepunkter som gir en illusjon av tekstur, som marmor eller en annen stein. \u00d8ynene p\u00e5 skulpturen er store og uttrykksfulle, med tydelige, runde \u00f8yne p\u00e5 stilker ut fra ansiktet. Nesen er bred og flat, og munnen er lukket med tydelige lepper. \" width=\"1800\" height=\"1224\" srcset=\"https:\/\/blindkunst.no\/wp-content\/uploads\/2024\/05\/blindkunst_keramikk-WEB-8437.jpg 1800w, https:\/\/blindkunst.no\/wp-content\/uploads\/2024\/05\/blindkunst_keramikk-WEB-8437-300x204.jpg 300w, https:\/\/blindkunst.no\/wp-content\/uploads\/2024\/05\/blindkunst_keramikk-WEB-8437-1024x696.jpg 1024w, https:\/\/blindkunst.no\/wp-content\/uploads\/2024\/05\/blindkunst_keramikk-WEB-8437-768x522.jpg 768w, https:\/\/blindkunst.no\/wp-content\/uploads\/2024\/05\/blindkunst_keramikk-WEB-8437-1536x1044.jpg 1536w\" sizes=\"(max-width: 1800px) 100vw, 1800px\" \/><\/p><div class=\"wp-playlist wp-audio-playlist wp-playlist-light\">\n\t\t\t<div class=\"wp-playlist-current-item\"><\/div>\n\t\t<audio controls=\"controls\" preload=\"none\" width=\"778\"\n\t\t\t><\/audio>\n\t<div class=\"wp-playlist-next\"><\/div>\n\t<div class=\"wp-playlist-prev\"><\/div>\n\t<noscript>\n\t<ol>\n\t\t<li><a href='https:\/\/blindkunst.no\/wp-content\/uploads\/2024\/04\/Blindkunst_Tiril_7.mp3'>Blindkunst_Tiril_7<\/a><\/li>\t<\/ol>\n\t<\/noscript>\n\t<script type=\"application\/json\" class=\"wp-playlist-script\">{\"type\":\"audio\",\"tracklist\":false,\"tracknumbers\":true,\"images\":false,\"artists\":false,\"tracks\":[{\"src\":\"https:\/\/blindkunst.no\/wp-content\/uploads\/2024\/04\/Blindkunst_Tiril_7.mp3\",\"type\":\"audio\/mpeg\",\"title\":\"Blindkunst_Tiril_7\",\"caption\":\"\",\"description\":\"\\\"Blindkunst_Tiril_7\\\".\",\"meta\":{\"length_formatted\":\"1:17\"},\"image\":{\"src\":\"https:\/\/blindkunst.no\/wp-includes\/images\/media\/audio.svg\",\"width\":48,\"height\":64},\"thumb\":{\"src\":\"https:\/\/blindkunst.no\/wp-includes\/images\/media\/audio.svg\",\"width\":48,\"height\":64}}]}<\/script>\n<\/div>\n\t<p class=\"darklup-observer--node darklup--observed\"><em class=\"darklup--observed\">\u201dDet som funker best er jo s\u00e5nn kunst jeg kan ta p\u00e5 en m\u00e5te, f\u00f8le p\u00e5. Det er det som funker best, statuer og alt s\u00e5nt, ting som har god kontrast.<br class=\"darklup--observed\" \/>Musikk h\u00f8rer jeg p\u00e5 hele tiden. Det er noe jeg lett f\u00e5r med meg og noe jeg l\u00e6rer lett egentlig, og det beroliger meg ogs\u00e5. Ja, det hjelper meg gjennom hverdagen.\u201d<\/em><\/p>\t\t\t\t\t\t<\/div>\n\t\t\t\t<\/div>\n\t\t\t\t\t<\/div>\n\t\t\t\t<\/div>\n\t\t<div class=\"elementor-element elementor-element-25548b1 e-flex e-con-boxed e-con e-parent\" data-id=\"25548b1\" data-element_type=\"container\">\n\t\t\t\t\t<div class=\"e-con-inner\">\n\t\t\t\t<div class=\"elementor-element elementor-element-0108dfa elementor-widget-divider--view-line elementor-widget elementor-widget-divider\" data-id=\"0108dfa\" data-element_type=\"widget\" data-widget_type=\"divider.default\">\n\t\t\t\t<div class=\"elementor-widget-container\">\n\t\t\t\t\t<div class=\"elementor-divider\">\n\t\t\t<span class=\"elementor-divider-separator\">\n\t\t\t\t\t\t<\/span>\n\t\t<\/div>\n\t\t\t\t<\/div>\n\t\t\t\t<\/div>\n\t\t\t\t<div class=\"elementor-element elementor-element-00a38c4 elementor-widget elementor-widget-text-editor\" data-id=\"00a38c4\" data-element_type=\"widget\" data-widget_type=\"text-editor.default\">\n\t\t\t\t<div class=\"elementor-widget-container\">\n\t\t\t\t\t\t\t<div id=\"thea\" class=\"darklup-observer--node darklup--observed\"><h3 class=\"darklup--observed\">Thea 29 \u00e5r<\/h3><\/div><p class=\"darklup-observer--node darklup--observed\"><img loading=\"lazy\" decoding=\"async\" class=\"alignnone wp-image-130 size-full darklup--img\" src=\"https:\/\/blindkunst.no\/wp-content\/uploads\/2024\/04\/Blindkunst_web-8.jpg\" alt=\"Bidet viser et n\u00e6rbilde av et menneske\u00f8ye. \u00d8yet har en bl\u00e5 iris med gule og gr\u00e5 m\u00f8nstre rundt pupillen. Det er fem spiker som ser ut til \u00e5 v\u00e6re plassert rundt iris, som om de er plantet i \u00f8yet. \u00d8yevippene er lange og m\u00f8rke, og det ser ut som det er litt r\u00f8d sminke p\u00e5 \u00f8yelokket.\" width=\"1800\" height=\"1133\" srcset=\"https:\/\/blindkunst.no\/wp-content\/uploads\/2024\/04\/Blindkunst_web-8.jpg 1800w, https:\/\/blindkunst.no\/wp-content\/uploads\/2024\/04\/Blindkunst_web-8-300x189.jpg 300w, https:\/\/blindkunst.no\/wp-content\/uploads\/2024\/04\/Blindkunst_web-8-1024x645.jpg 1024w, https:\/\/blindkunst.no\/wp-content\/uploads\/2024\/04\/Blindkunst_web-8-768x483.jpg 768w, https:\/\/blindkunst.no\/wp-content\/uploads\/2024\/04\/Blindkunst_web-8-1536x967.jpg 1536w\" sizes=\"(max-width: 1800px) 100vw, 1800px\" \/><\/p><div class=\"wp-playlist wp-audio-playlist wp-playlist-light\">\n\t\t\t<div class=\"wp-playlist-current-item\"><\/div>\n\t\t<audio controls=\"controls\" preload=\"none\" width=\"778\"\n\t\t\t><\/audio>\n\t<div class=\"wp-playlist-next\"><\/div>\n\t<div class=\"wp-playlist-prev\"><\/div>\n\t<noscript>\n\t<ol>\n\t\t<li><a href='https:\/\/blindkunst.no\/wp-content\/uploads\/2024\/04\/Blindkunst_Thea_8.mp3'>Blindkunst_Thea_8<\/a><\/li>\t<\/ol>\n\t<\/noscript>\n\t<script type=\"application\/json\" class=\"wp-playlist-script\">{\"type\":\"audio\",\"tracklist\":false,\"tracknumbers\":true,\"images\":false,\"artists\":false,\"tracks\":[{\"src\":\"https:\/\/blindkunst.no\/wp-content\/uploads\/2024\/04\/Blindkunst_Thea_8.mp3\",\"type\":\"audio\/mpeg\",\"title\":\"Blindkunst_Thea_8\",\"caption\":\"\",\"description\":\"\\\"Blindkunst_Thea_8\\\".\",\"meta\":{\"length_formatted\":\"2:12\"},\"image\":{\"src\":\"https:\/\/blindkunst.no\/wp-includes\/images\/media\/audio.svg\",\"width\":48,\"height\":64},\"thumb\":{\"src\":\"https:\/\/blindkunst.no\/wp-includes\/images\/media\/audio.svg\",\"width\":48,\"height\":64}}]}<\/script>\n<\/div>\n\t<p class=\"darklup-observer--node darklup--observed\"><em class=\"darklup--observed\">\u201dMan kan jo ikke se at jeg er synshemmet. At jeg for eksempel har v\u00e6rt ute og reist, og s\u00e5 er det jo vanskelig \u00e5 tenke at jeg er synshemmet, og da er det ikke alltid s\u00e5 mange som kjenner til for eksempel stokken min som jeg bruker, og da kan man tenke, ja; m\u00e5 jeg liksom fortelle det da?\u201d<\/em><\/p>\t\t\t\t\t\t<\/div>\n\t\t\t\t<\/div>\n\t\t\t\t\t<\/div>\n\t\t\t\t<\/div>\n\t\t<div class=\"elementor-element elementor-element-4bb2bd2 e-flex e-con-boxed e-con e-parent\" data-id=\"4bb2bd2\" data-element_type=\"container\">\n\t\t\t\t\t<div class=\"e-con-inner\">\n\t\t\t\t<div class=\"elementor-element elementor-element-a2f4796 elementor-widget-divider--view-line elementor-widget elementor-widget-divider\" data-id=\"a2f4796\" data-element_type=\"widget\" data-widget_type=\"divider.default\">\n\t\t\t\t<div class=\"elementor-widget-container\">\n\t\t\t\t\t<div class=\"elementor-divider\">\n\t\t\t<span class=\"elementor-divider-separator\">\n\t\t\t\t\t\t<\/span>\n\t\t<\/div>\n\t\t\t\t<\/div>\n\t\t\t\t<\/div>\n\t\t\t\t<div class=\"elementor-element elementor-element-b805dea elementor-widget elementor-widget-text-editor\" data-id=\"b805dea\" data-element_type=\"widget\" data-widget_type=\"text-editor.default\">\n\t\t\t\t<div class=\"elementor-widget-container\">\n\t\t\t\t\t\t\t<div id=\"emilie\" class=\"darklup-observer--node darklup--observed\"><h3 class=\"darklup--observed\">Emilie 18 \u00e5r<\/h3><\/div><p class=\"darklup-observer--node darklup--observed\"><img loading=\"lazy\" decoding=\"async\" class=\"alignnone wp-image-131 size-full darklup--img\" src=\"https:\/\/blindkunst.no\/wp-content\/uploads\/2024\/04\/Blindkunst_web-9.jpg\" alt=\"Bildet viser et n\u00e6rbilde av et menneske\u00f8ye. \u00d8yet har en bl\u00e5 iris med monstre i gult og oransje, noe som gir det et meget detaljert og levende kunstnerisk vri p\u00e5 bidet hvor trappetrinn som g\u00e5r nedover i en spiralformasjon, skaper en illusjon p\u00e5 dybde. \u00d8yevippene er tydelige og m\u00f8rke, og huden rundt \u00f8yet ser naturlig ut.\" width=\"1800\" height=\"1133\" srcset=\"https:\/\/blindkunst.no\/wp-content\/uploads\/2024\/04\/Blindkunst_web-9.jpg 1800w, https:\/\/blindkunst.no\/wp-content\/uploads\/2024\/04\/Blindkunst_web-9-300x189.jpg 300w, https:\/\/blindkunst.no\/wp-content\/uploads\/2024\/04\/Blindkunst_web-9-1024x645.jpg 1024w, https:\/\/blindkunst.no\/wp-content\/uploads\/2024\/04\/Blindkunst_web-9-768x483.jpg 768w, https:\/\/blindkunst.no\/wp-content\/uploads\/2024\/04\/Blindkunst_web-9-1536x967.jpg 1536w\" sizes=\"(max-width: 1800px) 100vw, 1800px\" \/><\/p><div class=\"wp-playlist wp-audio-playlist wp-playlist-light\">\n\t\t\t<div class=\"wp-playlist-current-item\"><\/div>\n\t\t<audio controls=\"controls\" preload=\"none\" width=\"778\"\n\t\t\t><\/audio>\n\t<div class=\"wp-playlist-next\"><\/div>\n\t<div class=\"wp-playlist-prev\"><\/div>\n\t<noscript>\n\t<ol>\n\t\t<li><a href='https:\/\/blindkunst.no\/wp-content\/uploads\/2024\/04\/Blindkunst_Emilie_9.mp3'>Blindkunst_Emilie_9<\/a><\/li>\t<\/ol>\n\t<\/noscript>\n\t<script type=\"application\/json\" class=\"wp-playlist-script\">{\"type\":\"audio\",\"tracklist\":false,\"tracknumbers\":true,\"images\":false,\"artists\":false,\"tracks\":[{\"src\":\"https:\/\/blindkunst.no\/wp-content\/uploads\/2024\/04\/Blindkunst_Emilie_9.mp3\",\"type\":\"audio\/mpeg\",\"title\":\"Blindkunst_Emilie_9\",\"caption\":\"\",\"description\":\"\\\"Blindkunst_Emilie_9\\\".\",\"meta\":{\"length_formatted\":\"1:45\"},\"image\":{\"src\":\"https:\/\/blindkunst.no\/wp-includes\/images\/media\/audio.svg\",\"width\":48,\"height\":64},\"thumb\":{\"src\":\"https:\/\/blindkunst.no\/wp-includes\/images\/media\/audio.svg\",\"width\":48,\"height\":64}}]}<\/script>\n<\/div>\n\t<p class=\"darklup-observer--node darklup--observed\"><em class=\"darklup--observed\">\u201dH\u00f8rsel bruker jeg n\u00e5r jeg skal finne andre mennesker, for eksempel p\u00e5 folksomme steder. Fordi at jeg ikke kan se ansiktet p\u00e5 folk, s\u00e5 gjenkjenner jeg dem p\u00e5 enten kl\u00e6r eller h\u00e5rfarge, og det er jo litt vanskelig \u00e5 g\u00e5 etter n\u00e5r du skal finne noen for f\u00f8rste gang. Da bruker jeg h\u00f8rselen min, og leter etter stemmen til det mennesket, for den kan jeg klare \u00e5 finne igjen selv i en veldig stor folkemengde.\u201d<\/em><\/p><p class=\"darklup-observer--node darklup--observed\"><em class=\"darklup--observed\">\u201dJeg dr\u00f8mmer faktisk i farge i dr\u00f8mmene. I dr\u00f8mmene ser jeg ogs\u00e5 d\u00e5rlig. Cirka den samme syns funksjonalitet som jeg har p\u00e5 dagtid. Jeg tror det har noe med at det er det eneste hjernen min kan eller vet, s\u00e5 da er det p\u00e5 en m\u00e5te det den skaper n\u00e5r den skal skape et bilde.\u201d<\/em><\/p>\t\t\t\t\t\t<\/div>\n\t\t\t\t<\/div>\n\t\t\t\t\t<\/div>\n\t\t\t\t<\/div>\n\t\t<div class=\"elementor-element elementor-element-8dbf529 e-flex e-con-boxed e-con e-parent\" data-id=\"8dbf529\" data-element_type=\"container\">\n\t\t\t\t\t<div class=\"e-con-inner\">\n\t\t\t\t<div class=\"elementor-element elementor-element-b5707fa elementor-widget-divider--view-line elementor-widget elementor-widget-divider\" data-id=\"b5707fa\" data-element_type=\"widget\" data-widget_type=\"divider.default\">\n\t\t\t\t<div class=\"elementor-widget-container\">\n\t\t\t\t\t<div class=\"elementor-divider\">\n\t\t\t<span class=\"elementor-divider-separator\">\n\t\t\t\t\t\t<\/span>\n\t\t<\/div>\n\t\t\t\t<\/div>\n\t\t\t\t<\/div>\n\t\t\t\t<div class=\"elementor-element elementor-element-9c12c34 elementor-widget elementor-widget-text-editor\" data-id=\"9c12c34\" data-element_type=\"widget\" data-widget_type=\"text-editor.default\">\n\t\t\t\t<div class=\"elementor-widget-container\">\n\t\t\t\t\t\t\t<div id=\"marie\" class=\"darklup-observer--node darklup--observed\"><h3 class=\"darklup--observed\">Marie 21 \u00e5r<\/h3><\/div><p class=\"darklup-observer--node darklup--observed\"><img loading=\"lazy\" decoding=\"async\" class=\"alignnone wp-image-332 size-full darklup--img\" src=\"https:\/\/blindkunst.no\/wp-content\/uploads\/2024\/04\/Taktil_blindkunst-BLUE-.jpg\" alt=\"Bildet viser en bl\u00e5 flate med relieffm\u00f8nster av sirkler og prikker. M\u00f8nsteret er laget med gjentatte sirkler som danner st\u00f8rre figurer og linjer over hele flaten. Sirkelgruppene er arrangert i geometriske former som ligner sm\u00e5 \u00f8yne som tilsammen utgj\u00f8r setningen &quot;ser du det n\u00e5&quot;. Fargen er ensartet bl\u00e5, og teksturen ser ut til \u00e5 v\u00e6ere litt hevet fra overflaten, noe som gir en tredimensjonal effekt.\" width=\"1800\" height=\"1287\" srcset=\"https:\/\/blindkunst.no\/wp-content\/uploads\/2024\/04\/Taktil_blindkunst-BLUE-.jpg 1800w, https:\/\/blindkunst.no\/wp-content\/uploads\/2024\/04\/Taktil_blindkunst-BLUE--300x215.jpg 300w, https:\/\/blindkunst.no\/wp-content\/uploads\/2024\/04\/Taktil_blindkunst-BLUE--1024x732.jpg 1024w, https:\/\/blindkunst.no\/wp-content\/uploads\/2024\/04\/Taktil_blindkunst-BLUE--768x549.jpg 768w, https:\/\/blindkunst.no\/wp-content\/uploads\/2024\/04\/Taktil_blindkunst-BLUE--1536x1098.jpg 1536w\" sizes=\"(max-width: 1800px) 100vw, 1800px\" \/><\/p><div class=\"wp-playlist wp-audio-playlist wp-playlist-light\">\n\t\t\t<div class=\"wp-playlist-current-item\"><\/div>\n\t\t<audio controls=\"controls\" preload=\"none\" width=\"778\"\n\t\t\t><\/audio>\n\t<div class=\"wp-playlist-next\"><\/div>\n\t<div class=\"wp-playlist-prev\"><\/div>\n\t<noscript>\n\t<ol>\n\t\t<li><a href='https:\/\/blindkunst.no\/wp-content\/uploads\/2024\/04\/Blindkunst_Marie_11.mp3'>Blindkunst_Mariell_11<\/a><\/li>\t<\/ol>\n\t<\/noscript>\n\t<script type=\"application\/json\" class=\"wp-playlist-script\">{\"type\":\"audio\",\"tracklist\":false,\"tracknumbers\":true,\"images\":false,\"artists\":false,\"tracks\":[{\"src\":\"https:\/\/blindkunst.no\/wp-content\/uploads\/2024\/04\/Blindkunst_Marie_11.mp3\",\"type\":\"audio\/mpeg\",\"title\":\"Blindkunst_Mariell_11\",\"caption\":\"\",\"description\":\"\\\"Blindkunst_Mariell_11\\\".\",\"meta\":{\"length_formatted\":\"2:24\"},\"image\":{\"src\":\"https:\/\/blindkunst.no\/wp-includes\/images\/media\/audio.svg\",\"width\":48,\"height\":64},\"thumb\":{\"src\":\"https:\/\/blindkunst.no\/wp-includes\/images\/media\/audio.svg\",\"width\":48,\"height\":64}}]}<\/script>\n<\/div>\n\t<p class=\"darklup-observer--node darklup--observed\"><em class=\"darklup--observed\">\u201dKunst kan v\u00e6re s\u00e5 mangt. En veldig fin og god m\u00e5te \u00e5 uttrykke seg p\u00e5, og kan p\u00e5 en m\u00e5te v\u00e6re en liten flukt fra realiteten av og til kanskje, og ellers bare v\u00e6re noe \u00e5 kose oss med egentlig. Jeg er veldig glad i teater, og musikk er veldig viktig for meg og en stor del av livet mitt.\u201d<\/em><\/p><p class=\"darklup-observer--node darklup--observed\"><em class=\"darklup--observed\">\u201dDet er ikke s\u00e5 mange som bruker stokk. For mange, s\u00e5 er det jo en kamp \u00e5 bruke stokk. Det er en stor prosess, en stor tilvenningssak. Mange unng\u00e5r jo \u00e5 bruke den og vil helst klare seg selv. S\u00e5 n\u00e5r du da ser folk som faktisk bruker disse, er det veldig unormalt, i alle fall hjemme hos oss. S\u00e5 ja, det er vel en blikkfanger da, spesielt p\u00e5 byen!\u201d<\/em><\/p>\t\t\t\t\t\t<\/div>\n\t\t\t\t<\/div>\n\t\t\t\t\t<\/div>\n\t\t\t\t<\/div>\n\t\t<div class=\"elementor-element elementor-element-6ea53f0 e-flex e-con-boxed e-con e-parent\" data-id=\"6ea53f0\" data-element_type=\"container\">\n\t\t\t\t\t<div class=\"e-con-inner\">\n\t\t\t\t<div class=\"elementor-element elementor-element-8157ee6 elementor-widget-divider--view-line elementor-widget elementor-widget-divider\" data-id=\"8157ee6\" data-element_type=\"widget\" data-widget_type=\"divider.default\">\n\t\t\t\t<div class=\"elementor-widget-container\">\n\t\t\t\t\t<div class=\"elementor-divider\">\n\t\t\t<span class=\"elementor-divider-separator\">\n\t\t\t\t\t\t<\/span>\n\t\t<\/div>\n\t\t\t\t<\/div>\n\t\t\t\t<\/div>\n\t\t\t\t<div class=\"elementor-element elementor-element-d2c0227 elementor-widget elementor-widget-text-editor\" data-id=\"d2c0227\" data-element_type=\"widget\" data-widget_type=\"text-editor.default\">\n\t\t\t\t<div class=\"elementor-widget-container\">\n\t\t\t\t\t\t\t<div id=\"hans_henrik\" class=\"darklup-observer--node darklup--observed\"><h3 class=\"darklup--observed\">Hans Henrik 26 \u00e5r<\/h3><\/div><p class=\"darklup-observer--node darklup--observed\"><img loading=\"lazy\" decoding=\"async\" class=\"alignnone wp-image-333 size-full darklup--img\" src=\"https:\/\/blindkunst.no\/wp-content\/uploads\/2024\/04\/Taktil_blindkunst-GREEN-38.jpg\" alt=\"Bildet viser en gr\u00f8nn flate med utskj\u00e6ringer som danner en dr\u00e5peformet figur i midten med en mindre, uregelmessig formet sirkel inni. Rundt disse figurene er det flere linjer og former som kan minne om blader eller b\u00f8lger, noe som gir et organisk og dynamisk uttrykk. Fargen p\u00e5 flaten er en lys, levende gr\u00f8nn.\" width=\"1800\" height=\"1274\" srcset=\"https:\/\/blindkunst.no\/wp-content\/uploads\/2024\/04\/Taktil_blindkunst-GREEN-38.jpg 1800w, https:\/\/blindkunst.no\/wp-content\/uploads\/2024\/04\/Taktil_blindkunst-GREEN-38-300x212.jpg 300w, https:\/\/blindkunst.no\/wp-content\/uploads\/2024\/04\/Taktil_blindkunst-GREEN-38-1024x725.jpg 1024w, https:\/\/blindkunst.no\/wp-content\/uploads\/2024\/04\/Taktil_blindkunst-GREEN-38-768x544.jpg 768w, https:\/\/blindkunst.no\/wp-content\/uploads\/2024\/04\/Taktil_blindkunst-GREEN-38-1536x1087.jpg 1536w\" sizes=\"(max-width: 1800px) 100vw, 1800px\" \/><\/p><div class=\"wp-playlist wp-audio-playlist wp-playlist-light\">\n\t\t\t<div class=\"wp-playlist-current-item\"><\/div>\n\t\t<audio controls=\"controls\" preload=\"none\" width=\"778\"\n\t\t\t><\/audio>\n\t<div class=\"wp-playlist-next\"><\/div>\n\t<div class=\"wp-playlist-prev\"><\/div>\n\t<noscript>\n\t<ol>\n\t\t<li><a href='https:\/\/blindkunst.no\/wp-content\/uploads\/2024\/04\/Blindkunst_Hans-Henrik_12.mp3'>Blindkunst_Hans Henrik_12<\/a><\/li>\t<\/ol>\n\t<\/noscript>\n\t<script type=\"application\/json\" class=\"wp-playlist-script\">{\"type\":\"audio\",\"tracklist\":false,\"tracknumbers\":true,\"images\":false,\"artists\":false,\"tracks\":[{\"src\":\"https:\/\/blindkunst.no\/wp-content\/uploads\/2024\/04\/Blindkunst_Hans-Henrik_12.mp3\",\"type\":\"audio\/mpeg\",\"title\":\"Blindkunst_Hans Henrik_12\",\"caption\":\"\",\"description\":\"\\\"Blindkunst_Hans Henrik_12\\\".\",\"meta\":{\"length_formatted\":\"3:13\"},\"image\":{\"src\":\"https:\/\/blindkunst.no\/wp-includes\/images\/media\/audio.svg\",\"width\":48,\"height\":64},\"thumb\":{\"src\":\"https:\/\/blindkunst.no\/wp-includes\/images\/media\/audio.svg\",\"width\":48,\"height\":64}}]}<\/script>\n<\/div>\n\t<p class=\"darklup-observer--node darklup--observed\"><em class=\"darklup--observed\">\u201dHodet er jo s\u00e5pass flink at det fyller ut det synet jeg ikke ser, med lignende farger som det er i rommet. S\u00e5 jeg pleier jo stort sett ikke \u00e5 tenke p\u00e5 at jeg ser d\u00e5rlig, annet enn at jeg har ser litt uklart uten briller. Jeg synes det kan sammenlignes som \u00e5 se i en kikkert, men alts\u00e5 ikke ha zoom, s\u00e5 det er mye rundt du egentlig ikke ser.\u201d<\/em><\/p><p class=\"darklup-observer--node darklup--observed\"><em class=\"darklup--observed\">\u201dJeg har jo egentlig ikke noe s\u00e6rlig i forhold til det \u00e5 se perfekt. Dette her er perfekt, f\u00f8ler jeg, s\u00e5 mitt syn kan ogs\u00e5 variere litt med tanke p\u00e5 min dagsform, men jeg vil ikke si jeg savner \u00e5 ha et normalt syn nei, det vil jeg ikke si. Fordi jeg har jo ikke noe forhold til det, s\u00e5 for meg er dette her normalt syn, og da synes jeg det fungerer bra. Jeg fungerer fint med det.\u201d<\/em><\/p>\t\t\t\t\t\t<\/div>\n\t\t\t\t<\/div>\n\t\t\t\t\t<\/div>\n\t\t\t\t<\/div>\n\t\t<div class=\"elementor-element elementor-element-abe5e81 e-flex e-con-boxed e-con e-parent\" data-id=\"abe5e81\" data-element_type=\"container\">\n\t\t\t\t\t<div class=\"e-con-inner\">\n\t\t\t\t<div class=\"elementor-element elementor-element-951dd87 elementor-widget-divider--view-line elementor-widget elementor-widget-divider\" data-id=\"951dd87\" data-element_type=\"widget\" data-widget_type=\"divider.default\">\n\t\t\t\t<div class=\"elementor-widget-container\">\n\t\t\t\t\t<div class=\"elementor-divider\">\n\t\t\t<span class=\"elementor-divider-separator\">\n\t\t\t\t\t\t<\/span>\n\t\t<\/div>\n\t\t\t\t<\/div>\n\t\t\t\t<\/div>\n\t\t\t\t<div class=\"elementor-element elementor-element-04fb287 elementor-widget elementor-widget-text-editor\" data-id=\"04fb287\" data-element_type=\"widget\" data-widget_type=\"text-editor.default\">\n\t\t\t\t<div class=\"elementor-widget-container\">\n\t\t\t\t\t\t\t<div id=\"dina\" class=\"darklup-observer--node darklup--observed\"><h3 class=\"darklup--observed\">Dina 16 \u00e5r<\/h3><\/div><p class=\"darklup-observer--node darklup--observed\"><img loading=\"lazy\" decoding=\"async\" class=\"alignnone wp-image-364 size-full darklup--img\" src=\"https:\/\/blindkunst.no\/wp-content\/uploads\/2024\/05\/blindkunst_keramikk-WEB-8439.jpg\" alt=\"Bildet viser en skulptur av et menneskelig ansikt, laget i en rustikk og teksturert stil. Ansiktet er delt vertikalt i to ulike teksturer. Den venstre siden av ansiktet har en grov, boblete tekstur med m\u00f8rke og rustne farger, mens den h\u00f8yre str\u00f8mlinjeformede spor som ogs\u00e5 vise tegn til rust og slitasje. \u00d8yet p\u00e5 er plasser over nesen med en tydelig, rund form. Skulpturen gir et inntrykk av \u00e5 v\u00e6re gammel og v\u00e6rbitt, og fargene varierer fra m\u00f8rkebrun til svart med spor av oransje og gull.\" width=\"1800\" height=\"1200\" srcset=\"https:\/\/blindkunst.no\/wp-content\/uploads\/2024\/05\/blindkunst_keramikk-WEB-8439.jpg 1800w, https:\/\/blindkunst.no\/wp-content\/uploads\/2024\/05\/blindkunst_keramikk-WEB-8439-300x200.jpg 300w, https:\/\/blindkunst.no\/wp-content\/uploads\/2024\/05\/blindkunst_keramikk-WEB-8439-1024x683.jpg 1024w, https:\/\/blindkunst.no\/wp-content\/uploads\/2024\/05\/blindkunst_keramikk-WEB-8439-768x512.jpg 768w, https:\/\/blindkunst.no\/wp-content\/uploads\/2024\/05\/blindkunst_keramikk-WEB-8439-1536x1024.jpg 1536w\" sizes=\"(max-width: 1800px) 100vw, 1800px\" \/><\/p><div class=\"wp-playlist wp-audio-playlist wp-playlist-light\">\n\t\t\t<div class=\"wp-playlist-current-item\"><\/div>\n\t\t<audio controls=\"controls\" preload=\"none\" width=\"778\"\n\t\t\t><\/audio>\n\t<div class=\"wp-playlist-next\"><\/div>\n\t<div class=\"wp-playlist-prev\"><\/div>\n\t<noscript>\n\t<ol>\n\t\t<li><a href='https:\/\/blindkunst.no\/wp-content\/uploads\/2024\/04\/Blindkunst_Dina_13.mp3'>Blindkunst_Dina_13<\/a><\/li>\t<\/ol>\n\t<\/noscript>\n\t<script type=\"application\/json\" class=\"wp-playlist-script\">{\"type\":\"audio\",\"tracklist\":false,\"tracknumbers\":true,\"images\":false,\"artists\":false,\"tracks\":[{\"src\":\"https:\/\/blindkunst.no\/wp-content\/uploads\/2024\/04\/Blindkunst_Dina_13.mp3\",\"type\":\"audio\/mpeg\",\"title\":\"Blindkunst_Dina_13\",\"caption\":\"\",\"description\":\"\\\"Blindkunst_Dina_13\\\".\",\"meta\":{\"length_formatted\":\"1:57\"},\"image\":{\"src\":\"https:\/\/blindkunst.no\/wp-includes\/images\/media\/audio.svg\",\"width\":48,\"height\":64},\"thumb\":{\"src\":\"https:\/\/blindkunst.no\/wp-includes\/images\/media\/audio.svg\",\"width\":48,\"height\":64}}]}<\/script>\n<\/div>\n\t<p class=\"darklup-observer--node darklup--observed\"><em class=\"darklup--observed\">\u201dAlltid v\u00e6rt svaksynt, f\u00f8dt med albinisme, og derfor s\u00e5 har jeg ogs\u00e5 blitt svaksynt. Fant ut n\u00e5r jeg var 3 \u00e5r, fordi at foreldrene merket at jeg var veldig mye borte i ansiktene til folk. Synet mitt har g\u00e5tt litt ned de siste \u00e5rene, men det er ingen som vet om det vil forsvinne, eller bare bli s\u00e5nn som det er n\u00e5\u201d<\/em><\/p><p class=\"darklup-observer--node darklup--observed\"><em class=\"darklup--observed\">\u201dHele familien min og slekta mi driver med jakt. Jeg har v\u00e6rt p\u00e5 jakt siden jeg var baby liksom. S\u00e5 til h\u00f8sten, s\u00e5 f\u00e5r jeg lov til \u00e5 bli med \u00e5 skyte! Jeg ser ikke for d\u00e5rlig til \u00e5 bli med p\u00e5 jakt, fordi det skjer jo gjennom en kikkert, s\u00e5 du kan jo zoome veldig mye, og s\u00e5 er det jo veldig god kommunikasjon over hvor folk sitter, s\u00e5nn at det blir trygt.\u201d<\/em><\/p>\t\t\t\t\t\t<\/div>\n\t\t\t\t<\/div>\n\t\t\t\t\t<\/div>\n\t\t\t\t<\/div>\n\t\t<div class=\"elementor-element elementor-element-36197bd e-flex e-con-boxed e-con e-parent\" data-id=\"36197bd\" data-element_type=\"container\">\n\t\t\t\t\t<div class=\"e-con-inner\">\n\t\t\t\t<div class=\"elementor-element elementor-element-ab7b761 elementor-widget-divider--view-line elementor-widget elementor-widget-divider\" data-id=\"ab7b761\" data-element_type=\"widget\" data-widget_type=\"divider.default\">\n\t\t\t\t<div class=\"elementor-widget-container\">\n\t\t\t\t\t<div class=\"elementor-divider\">\n\t\t\t<span class=\"elementor-divider-separator\">\n\t\t\t\t\t\t<\/span>\n\t\t<\/div>\n\t\t\t\t<\/div>\n\t\t\t\t<\/div>\n\t\t\t\t<div class=\"elementor-element elementor-element-73ed01d elementor-widget elementor-widget-text-editor\" data-id=\"73ed01d\" data-element_type=\"widget\" data-widget_type=\"text-editor.default\">\n\t\t\t\t<div class=\"elementor-widget-container\">\n\t\t\t\t\t\t\t<div id=\"hanne\" class=\"darklup-observer--node darklup--observed\"><h3 class=\"darklup--observed\">Hanne 30 \u00e5r<\/h3><\/div><p class=\"darklup-observer--node darklup--observed\"><img loading=\"lazy\" decoding=\"async\" class=\"alignnone wp-image-334 size-full darklup--img\" src=\"https:\/\/blindkunst.no\/wp-content\/uploads\/2024\/04\/Taktil_blindkunst-RED-58853.jpg\" alt=\"Bidet viser en r\u00f8d bakgrunn med en utsk\u00e5ret, abstrakt design i samme r\u00f8de farge, men i en m\u00f8rkere nyanse. Designet ser ut til a v\u00e6re en stilisert fremstilling av en virvel eller spiral med forskjellige linjer og former som str\u00e5ler ut fra sentrum. I midten av spiralen er det en sirkel med fire sm\u00e5 utskj\u00e6ringer rundt. Linjene og formene ser ut til \u00e5 vare dynamiske og gir en f\u00f8lelse av bevegelse.\" width=\"1800\" height=\"1298\" srcset=\"https:\/\/blindkunst.no\/wp-content\/uploads\/2024\/04\/Taktil_blindkunst-RED-58853.jpg 1800w, https:\/\/blindkunst.no\/wp-content\/uploads\/2024\/04\/Taktil_blindkunst-RED-58853-300x216.jpg 300w, https:\/\/blindkunst.no\/wp-content\/uploads\/2024\/04\/Taktil_blindkunst-RED-58853-1024x738.jpg 1024w, https:\/\/blindkunst.no\/wp-content\/uploads\/2024\/04\/Taktil_blindkunst-RED-58853-768x554.jpg 768w, https:\/\/blindkunst.no\/wp-content\/uploads\/2024\/04\/Taktil_blindkunst-RED-58853-1536x1108.jpg 1536w\" sizes=\"(max-width: 1800px) 100vw, 1800px\" \/><\/p><div class=\"wp-playlist wp-audio-playlist wp-playlist-light\">\n\t\t\t<div class=\"wp-playlist-current-item\"><\/div>\n\t\t<audio controls=\"controls\" preload=\"none\" width=\"778\"\n\t\t\t><\/audio>\n\t<div class=\"wp-playlist-next\"><\/div>\n\t<div class=\"wp-playlist-prev\"><\/div>\n\t<noscript>\n\t<ol>\n\t\t<li><a href='https:\/\/blindkunst.no\/wp-content\/uploads\/2024\/04\/Blindkunst_Hanne_14.mp3'>Blindkunst_HAnne_14<\/a><\/li>\t<\/ol>\n\t<\/noscript>\n\t<script type=\"application\/json\" class=\"wp-playlist-script\">{\"type\":\"audio\",\"tracklist\":false,\"tracknumbers\":true,\"images\":false,\"artists\":false,\"tracks\":[{\"src\":\"https:\/\/blindkunst.no\/wp-content\/uploads\/2024\/04\/Blindkunst_Hanne_14.mp3\",\"type\":\"audio\/mpeg\",\"title\":\"Blindkunst_HAnne_14\",\"caption\":\"\",\"description\":\"\\\"Blindkunst_HAnne_14\\\".\",\"meta\":{\"length_formatted\":\"3:48\"},\"image\":{\"src\":\"https:\/\/blindkunst.no\/wp-includes\/images\/media\/audio.svg\",\"width\":48,\"height\":64},\"thumb\":{\"src\":\"https:\/\/blindkunst.no\/wp-includes\/images\/media\/audio.svg\",\"width\":48,\"height\":64}}]}<\/script>\n<\/div>\n\t<p class=\"darklup-observer--node darklup--observed\"><em class=\"darklup--observed\">\u201dOfte n\u00e5r folk kommer til meg og: \u201d-stakkars deg som er blind\u201d, og s\u00e5 sier jeg; \u201dja, men for meg er det like naturlig \u00e5 v\u00e6re blind som det er for deg \u00e5 se, for jeg har aldri hatt den opplevelsen.\u201d<\/em><\/p><p class=\"darklup-observer--node darklup--observed\"><em class=\"darklup--observed\">\u201dH\u00f8rselen min, pleier jeg \u00e5 si at det er mine \u00f8yne. Alts\u00e5 n\u00e5r jeg var liten, s\u00e5 sa jeg: \u201dHysj jeg ser!\u201d<\/em><\/p><p class=\"darklup-observer--node darklup--observed\"><em class=\"darklup--observed\">\u201dS\u00e5 kan jeg si at det er mange ganger jeg er glad for \u00e5 v\u00e6re blind, og fordi jeg slipper det der kroppspresset som er. Jeg slipper de forferdelige krigsbildene p\u00e5 internett og tv som raser. Jeg slipper \u00e5 forelsket meg i utseende til en person jeg aldri kan f\u00e5, sant?<br class=\"darklup--observed\" \/>S\u00e5nne ting setter jeg veldig pris p\u00e5 \u00e5 slippe med det \u00e5 ikke se, men det er klart jeg ble nettopp tante, og da er en av de gangene jeg sitter og kjenner; \u201dOi litt syn hadde v\u00e6rt greit n\u00e5, s\u00e5 jeg fikk sett den ungen.\u201d Babyen gj\u00f8r en tusenvis av ableg\u00f8yer og styrer p\u00e5. Alle holder p\u00e5 \u00e5 le seg ihjel. Hvordan forklarer du hva en unge gj\u00f8r med mimikk, n\u00e5r jeg ikke har kunnskap til \u00e5 forst\u00e5 den mimikken?\u201d<\/em><\/p>\t\t\t\t\t\t<\/div>\n\t\t\t\t<\/div>\n\t\t\t\t\t<\/div>\n\t\t\t\t<\/div>\n\t\t<div class=\"elementor-element elementor-element-2b6c87b e-flex e-con-boxed e-con e-parent\" data-id=\"2b6c87b\" data-element_type=\"container\">\n\t\t\t\t\t<div class=\"e-con-inner\">\n\t\t\t\t<div class=\"elementor-element elementor-element-0430ed6 elementor-widget-divider--view-line elementor-widget elementor-widget-divider\" data-id=\"0430ed6\" data-element_type=\"widget\" data-widget_type=\"divider.default\">\n\t\t\t\t<div class=\"elementor-widget-container\">\n\t\t\t\t\t<div class=\"elementor-divider\">\n\t\t\t<span class=\"elementor-divider-separator\">\n\t\t\t\t\t\t<\/span>\n\t\t<\/div>\n\t\t\t\t<\/div>\n\t\t\t\t<\/div>\n\t\t\t\t<div class=\"elementor-element elementor-element-6cc7a08 elementor-widget elementor-widget-text-editor\" data-id=\"6cc7a08\" data-element_type=\"widget\" data-widget_type=\"text-editor.default\">\n\t\t\t\t<div class=\"elementor-widget-container\">\n\t\t\t\t\t\t\t<div id=\"amalie\" class=\"darklup-observer--node darklup--observed\"><h3 class=\"darklup--observed\">Amalie 25 \u00e5r<\/h3><\/div><p class=\"darklup-observer--node darklup--observed\"><img loading=\"lazy\" decoding=\"async\" class=\"alignnone wp-image-335 size-full darklup--img\" src=\"https:\/\/blindkunst.no\/wp-content\/uploads\/2024\/04\/Taktil_blindkunst-YELLOW-9.jpg\" alt=\"Bildet viser en taktildiagram av et kunstverk delt inn i fire kvadrater. Hvert kvadrat inneholder ulike teksturer former som representerer deler av et \u00f8ye fra et menneske med tydelige \u00f8yenvippe-h\u00e5r.\" width=\"1800\" height=\"1280\" srcset=\"https:\/\/blindkunst.no\/wp-content\/uploads\/2024\/04\/Taktil_blindkunst-YELLOW-9.jpg 1800w, https:\/\/blindkunst.no\/wp-content\/uploads\/2024\/04\/Taktil_blindkunst-YELLOW-9-300x213.jpg 300w, https:\/\/blindkunst.no\/wp-content\/uploads\/2024\/04\/Taktil_blindkunst-YELLOW-9-1024x728.jpg 1024w, https:\/\/blindkunst.no\/wp-content\/uploads\/2024\/04\/Taktil_blindkunst-YELLOW-9-768x546.jpg 768w, https:\/\/blindkunst.no\/wp-content\/uploads\/2024\/04\/Taktil_blindkunst-YELLOW-9-1536x1092.jpg 1536w\" sizes=\"(max-width: 1800px) 100vw, 1800px\" \/><\/p><div class=\"wp-playlist wp-audio-playlist wp-playlist-light\">\n\t\t\t<div class=\"wp-playlist-current-item\"><\/div>\n\t\t<audio controls=\"controls\" preload=\"none\" width=\"778\"\n\t\t\t><\/audio>\n\t<div class=\"wp-playlist-next\"><\/div>\n\t<div class=\"wp-playlist-prev\"><\/div>\n\t<noscript>\n\t<ol>\n\t\t<li><a href='https:\/\/blindkunst.no\/wp-content\/uploads\/2024\/04\/Blindkunst_Amalie_15.mp3'>Blindkunst_Amalie_15<\/a><\/li>\t<\/ol>\n\t<\/noscript>\n\t<script type=\"application\/json\" class=\"wp-playlist-script\">{\"type\":\"audio\",\"tracklist\":false,\"tracknumbers\":true,\"images\":false,\"artists\":false,\"tracks\":[{\"src\":\"https:\/\/blindkunst.no\/wp-content\/uploads\/2024\/04\/Blindkunst_Amalie_15.mp3\",\"type\":\"audio\/mpeg\",\"title\":\"Blindkunst_Amalie_15\",\"caption\":\"\",\"description\":\"\\\"Blindkunst_Amalie_15\\\".\",\"meta\":{\"length_formatted\":\"1:44\"},\"image\":{\"src\":\"https:\/\/blindkunst.no\/wp-includes\/images\/media\/audio.svg\",\"width\":48,\"height\":64},\"thumb\":{\"src\":\"https:\/\/blindkunst.no\/wp-includes\/images\/media\/audio.svg\",\"width\":48,\"height\":64}}]}<\/script>\n<\/div>\n\t<p class=\"darklup-observer--node darklup--observed\"><em class=\"darklup--observed\">\u201dNei, jeg tror ikke at jeg har s\u00e5 veldig mange av de d\u00e5rlige opplevelsene, men du&#8230; Jeg hadde en \u00f8yelege tidligere, som sa: \u201dDu kan jo ikke ta lappen, s\u00e5 da f\u00e5r du finne deg en fyr som har en kul bil som du heller kan sitte p\u00e5 med istedenfor \u00e5 m\u00e5tte kj\u00f8re den selv.\u201d<\/em><\/p>\t\t\t\t\t\t<\/div>\n\t\t\t\t<\/div>\n\t\t\t\t\t<\/div>\n\t\t\t\t<\/div>\n\t\t<div class=\"elementor-element elementor-element-58f0dbd e-flex e-con-boxed e-con e-parent\" data-id=\"58f0dbd\" data-element_type=\"container\">\n\t\t\t\t\t<div class=\"e-con-inner\">\n\t\t\t\t<div class=\"elementor-element elementor-element-8a2bd31 elementor-widget elementor-widget-spacer\" data-id=\"8a2bd31\" data-element_type=\"widget\" data-widget_type=\"spacer.default\">\n\t\t\t\t<div class=\"elementor-widget-container\">\n\t\t\t\t\t<div class=\"elementor-spacer\">\n\t\t\t<div class=\"elementor-spacer-inner\"><\/div>\n\t\t<\/div>\n\t\t\t\t<\/div>\n\t\t\t\t<\/div>\n\t\t\t\t<div class=\"elementor-element elementor-element-3d238d3 elementor-widget-divider--view-line elementor-widget elementor-widget-divider\" data-id=\"3d238d3\" data-element_type=\"widget\" data-widget_type=\"divider.default\">\n\t\t\t\t<div class=\"elementor-widget-container\">\n\t\t\t\t\t<div class=\"elementor-divider\">\n\t\t\t<span class=\"elementor-divider-separator\">\n\t\t\t\t\t\t<\/span>\n\t\t<\/div>\n\t\t\t\t<\/div>\n\t\t\t\t<\/div>\n\t\t\t\t<div class=\"elementor-element elementor-element-fa17e00 elementor-widget elementor-widget-text-editor\" data-id=\"fa17e00\" data-element_type=\"widget\" id=\"om-blindkunst\" data-widget_type=\"text-editor.default\">\n\t\t\t\t<div class=\"elementor-widget-container\">\n\t\t\t\t\t\t\t<h1>SER DU DET N\u00c5<\/h1><p><strong>&#8211; et kunstprosjekt av Werner Anderson<\/strong><\/p><p>Universell utforming og mangfold i det visuelle kulturlivet, er viktig!<\/p><p>Velkommen til www.blindkunst.no som er st\u00f8ttet av Landsr\u00e5det for Norges barne- og ungdomsorganisasjoner, Norsk kulturfond og Norske Fagfotografers Fond.<\/p><p>Selv om 80% av sanseinntrykkene kommer gjennom synet, s\u00e5 ser vi ikke med \u00f8ynene, men med hjernen. Norges Blindeforbunds Ungdom og jeg har et m\u00e5l om at alle synshemmede skal f\u00e5 de beste forutsetningene til \u00e5 delta i samfunnet. Sammen st\u00e5r vi for mangfold ogs\u00e5 i det visuelle kunstfeltet!<\/p><p>Fotografiene er trykket p\u00e5 et japansk kunstfotopapir som t\u00e5ler \u00e5 bli behandlet og formet for h\u00e5nd. Disse skulpturelle fotografiene har jeg avfotografert og trykket i store formater til utstillingen. Kunstfotografiene er alts\u00e5 ikke skapt \u201di fotoshoppen\u201d, men manuelt av kunstneren selv gjennom flere stadier. Alle \u00f8ynene tilh\u00f8rer de personene jeg har m\u00f8tt og det er sitater fra v\u00e5re samtaler du kan lese og lytte til her p\u00e5 nettsiden.<\/p><p>\u00d8nsker du eller din organisasjon \u00e5 stille ut SER DU DET N\u00c5 ?<\/p><p>Ta direkte kontakt med meg: <a href=\"mailto:werner@werneranderson.no\">werner@werneranderson.no<\/a><\/p><p><img loading=\"lazy\" decoding=\"async\" class=\"alignnone wp-image-733 size-large\" src=\"https:\/\/blindkunst.no\/wp-content\/uploads\/2024\/09\/IMG_1485-1024x866.jpg\" alt=\"Oversiktsbilde av utstillingen Blind Kunst i Oslo, med Werner Anderson og to andre bidragsytere\" width=\"800\" height=\"677\" srcset=\"https:\/\/blindkunst.no\/wp-content\/uploads\/2024\/09\/IMG_1485-1024x866.jpg 1024w, https:\/\/blindkunst.no\/wp-content\/uploads\/2024\/09\/IMG_1485-300x254.jpg 300w, https:\/\/blindkunst.no\/wp-content\/uploads\/2024\/09\/IMG_1485-768x650.jpg 768w, https:\/\/blindkunst.no\/wp-content\/uploads\/2024\/09\/IMG_1485.jpg 1500w\" sizes=\"(max-width: 800px) 100vw, 800px\" \/><img loading=\"lazy\" decoding=\"async\" class=\"alignnone wp-image-734 size-large\" src=\"https:\/\/blindkunst.no\/wp-content\/uploads\/2024\/09\/IMG_9703-1000x1024.jpg\" alt=\"Tre bes\u00f8kende ser p\u00e5 utstillingen\" width=\"800\" height=\"819\" srcset=\"https:\/\/blindkunst.no\/wp-content\/uploads\/2024\/09\/IMG_9703-1000x1024.jpg 1000w, https:\/\/blindkunst.no\/wp-content\/uploads\/2024\/09\/IMG_9703-293x300.jpg 293w, https:\/\/blindkunst.no\/wp-content\/uploads\/2024\/09\/IMG_9703-768x786.jpg 768w, https:\/\/blindkunst.no\/wp-content\/uploads\/2024\/09\/IMG_9703-1500x1536.jpg 1500w, https:\/\/blindkunst.no\/wp-content\/uploads\/2024\/09\/IMG_9703.jpg 1512w\" sizes=\"(max-width: 800px) 100vw, 800px\" \/><img loading=\"lazy\" decoding=\"async\" class=\"alignnone wp-image-735 size-large\" src=\"https:\/\/blindkunst.no\/wp-content\/uploads\/2024\/09\/Ludvig_H_Blindkunst_3-1024x683.jpg\" alt=\"Del av utstilling, med keramikk og bilder av \u00f8yne\" width=\"800\" height=\"534\" srcset=\"https:\/\/blindkunst.no\/wp-content\/uploads\/2024\/09\/Ludvig_H_Blindkunst_3-1024x683.jpg 1024w, https:\/\/blindkunst.no\/wp-content\/uploads\/2024\/09\/Ludvig_H_Blindkunst_3-300x200.jpg 300w, https:\/\/blindkunst.no\/wp-content\/uploads\/2024\/09\/Ludvig_H_Blindkunst_3-768x512.jpg 768w, https:\/\/blindkunst.no\/wp-content\/uploads\/2024\/09\/Ludvig_H_Blindkunst_3.jpg 1500w\" sizes=\"(max-width: 800px) 100vw, 800px\" \/><img loading=\"lazy\" decoding=\"async\" class=\"alignnone wp-image-736 size-large\" src=\"https:\/\/blindkunst.no\/wp-content\/uploads\/2024\/09\/Ludvig_H_Blindkunst_5-1024x683.jpg\" alt=\"Hendene til et barn og en voksen kjenner p\u00e5 et taktilt bilde av et \u00f8ye.\" width=\"800\" height=\"534\" srcset=\"https:\/\/blindkunst.no\/wp-content\/uploads\/2024\/09\/Ludvig_H_Blindkunst_5-1024x683.jpg 1024w, https:\/\/blindkunst.no\/wp-content\/uploads\/2024\/09\/Ludvig_H_Blindkunst_5-300x200.jpg 300w, https:\/\/blindkunst.no\/wp-content\/uploads\/2024\/09\/Ludvig_H_Blindkunst_5-768x512.jpg 768w, https:\/\/blindkunst.no\/wp-content\/uploads\/2024\/09\/Ludvig_H_Blindkunst_5.jpg 1500w\" sizes=\"(max-width: 800px) 100vw, 800px\" \/><\/p><p><img loading=\"lazy\" decoding=\"async\" class=\"alignnone wp-image-834 size-large\" src=\"https:\/\/blindkunst.no\/wp-content\/uploads\/2025\/01\/IMG_0315-1024x768.jpg\" alt=\"Fra utstillingen Ser du det n\u00e5? Barn ser p\u00e5 utstillingen\" width=\"800\" height=\"600\" srcset=\"https:\/\/blindkunst.no\/wp-content\/uploads\/2025\/01\/IMG_0315-1024x768.jpg 1024w, https:\/\/blindkunst.no\/wp-content\/uploads\/2025\/01\/IMG_0315-300x225.jpg 300w, https:\/\/blindkunst.no\/wp-content\/uploads\/2025\/01\/IMG_0315-768x576.jpg 768w, https:\/\/blindkunst.no\/wp-content\/uploads\/2025\/01\/IMG_0315-1536x1152.jpg 1536w, https:\/\/blindkunst.no\/wp-content\/uploads\/2025\/01\/IMG_0315.jpg 1800w\" sizes=\"(max-width: 800px) 100vw, 800px\" \/><\/p><p><img loading=\"lazy\" decoding=\"async\" class=\"alignnone wp-image-835 size-large\" src=\"https:\/\/blindkunst.no\/wp-content\/uploads\/2025\/01\/IMG_0316-1024x768.jpg\" alt=\"Fra utstillingen Ser du det n\u00e5? Barn arbeider ved et bord\" width=\"800\" height=\"600\" srcset=\"https:\/\/blindkunst.no\/wp-content\/uploads\/2025\/01\/IMG_0316-1024x768.jpg 1024w, https:\/\/blindkunst.no\/wp-content\/uploads\/2025\/01\/IMG_0316-300x225.jpg 300w, https:\/\/blindkunst.no\/wp-content\/uploads\/2025\/01\/IMG_0316-768x576.jpg 768w, https:\/\/blindkunst.no\/wp-content\/uploads\/2025\/01\/IMG_0316-1536x1152.jpg 1536w, https:\/\/blindkunst.no\/wp-content\/uploads\/2025\/01\/IMG_0316.jpg 1800w\" sizes=\"(max-width: 800px) 100vw, 800px\" \/><\/p><p><strong><img loading=\"lazy\" decoding=\"async\" class=\"alignnone wp-image-833 size-large\" src=\"https:\/\/blindkunst.no\/wp-content\/uploads\/2025\/01\/IMG_0288-768x1024.jpg\" alt=\"Plakat utstillingen Ser du det n\u00e5?\" width=\"768\" height=\"1024\" srcset=\"https:\/\/blindkunst.no\/wp-content\/uploads\/2025\/01\/IMG_0288-768x1024.jpg 768w, https:\/\/blindkunst.no\/wp-content\/uploads\/2025\/01\/IMG_0288-225x300.jpg 225w, https:\/\/blindkunst.no\/wp-content\/uploads\/2025\/01\/IMG_0288-1152x1536.jpg 1152w, https:\/\/blindkunst.no\/wp-content\/uploads\/2025\/01\/IMG_0288.jpg 1350w\" sizes=\"(max-width: 768px) 100vw, 768px\" \/> <img loading=\"lazy\" decoding=\"async\" class=\"alignnone wp-image-836 size-large\" src=\"https:\/\/blindkunst.no\/wp-content\/uploads\/2025\/01\/IMG_0319-1024x607.jpg\" alt=\"Fra utstillingen Ser du det n\u00e5? Barn ser p\u00e5 utstillingen og andre arbeider ved et bord\" width=\"800\" height=\"474\" srcset=\"https:\/\/blindkunst.no\/wp-content\/uploads\/2025\/01\/IMG_0319-1024x607.jpg 1024w, https:\/\/blindkunst.no\/wp-content\/uploads\/2025\/01\/IMG_0319-300x178.jpg 300w, https:\/\/blindkunst.no\/wp-content\/uploads\/2025\/01\/IMG_0319-768x455.jpg 768w, https:\/\/blindkunst.no\/wp-content\/uploads\/2025\/01\/IMG_0319-1536x911.jpg 1536w, https:\/\/blindkunst.no\/wp-content\/uploads\/2025\/01\/IMG_0319.jpg 1800w\" sizes=\"(max-width: 800px) 100vw, 800px\" \/> <img loading=\"lazy\" decoding=\"async\" class=\"alignnone wp-image-837 size-large\" src=\"https:\/\/blindkunst.no\/wp-content\/uploads\/2025\/01\/IMG_0340-1024x768.jpg\" alt=\"Fra utstillingen Ser du det n\u00e5?\" width=\"800\" height=\"600\" srcset=\"https:\/\/blindkunst.no\/wp-content\/uploads\/2025\/01\/IMG_0340-1024x768.jpg 1024w, https:\/\/blindkunst.no\/wp-content\/uploads\/2025\/01\/IMG_0340-300x225.jpg 300w, https:\/\/blindkunst.no\/wp-content\/uploads\/2025\/01\/IMG_0340-768x576.jpg 768w, https:\/\/blindkunst.no\/wp-content\/uploads\/2025\/01\/IMG_0340-1536x1152.jpg 1536w, https:\/\/blindkunst.no\/wp-content\/uploads\/2025\/01\/IMG_0340.jpg 1800w\" sizes=\"(max-width: 800px) 100vw, 800px\" \/> <img loading=\"lazy\" decoding=\"async\" class=\"alignnone wp-image-838 size-large\" src=\"https:\/\/blindkunst.no\/wp-content\/uploads\/2025\/01\/IMG_0341-1024x768.jpg\" alt=\"Fra utstillingen Ser du det n\u00e5?\" width=\"800\" height=\"600\" srcset=\"https:\/\/blindkunst.no\/wp-content\/uploads\/2025\/01\/IMG_0341-1024x768.jpg 1024w, https:\/\/blindkunst.no\/wp-content\/uploads\/2025\/01\/IMG_0341-300x225.jpg 300w, https:\/\/blindkunst.no\/wp-content\/uploads\/2025\/01\/IMG_0341-768x576.jpg 768w, https:\/\/blindkunst.no\/wp-content\/uploads\/2025\/01\/IMG_0341-1536x1152.jpg 1536w, https:\/\/blindkunst.no\/wp-content\/uploads\/2025\/01\/IMG_0341.jpg 1800w\" sizes=\"(max-width: 800px) 100vw, 800px\" \/> <img loading=\"lazy\" decoding=\"async\" class=\"alignnone wp-image-839 size-large\" src=\"https:\/\/blindkunst.no\/wp-content\/uploads\/2025\/01\/IMG_0345-1024x768.jpg\" alt=\"Fra utstillingen Ser du det n\u00e5?\" width=\"800\" height=\"600\" srcset=\"https:\/\/blindkunst.no\/wp-content\/uploads\/2025\/01\/IMG_0345-1024x768.jpg 1024w, https:\/\/blindkunst.no\/wp-content\/uploads\/2025\/01\/IMG_0345-300x225.jpg 300w, https:\/\/blindkunst.no\/wp-content\/uploads\/2025\/01\/IMG_0345-768x576.jpg 768w, https:\/\/blindkunst.no\/wp-content\/uploads\/2025\/01\/IMG_0345-1536x1152.jpg 1536w, https:\/\/blindkunst.no\/wp-content\/uploads\/2025\/01\/IMG_0345.jpg 1800w\" sizes=\"(max-width: 800px) 100vw, 800px\" \/> <img loading=\"lazy\" decoding=\"async\" class=\"alignnone wp-image-840 size-large\" src=\"https:\/\/blindkunst.no\/wp-content\/uploads\/2025\/01\/IMG_0346-1024x768.jpg\" alt=\"Fra utstillingen Ser du det n\u00e5?\" width=\"800\" height=\"600\" srcset=\"https:\/\/blindkunst.no\/wp-content\/uploads\/2025\/01\/IMG_0346-1024x768.jpg 1024w, https:\/\/blindkunst.no\/wp-content\/uploads\/2025\/01\/IMG_0346-300x225.jpg 300w, https:\/\/blindkunst.no\/wp-content\/uploads\/2025\/01\/IMG_0346-768x576.jpg 768w, https:\/\/blindkunst.no\/wp-content\/uploads\/2025\/01\/IMG_0346-1536x1152.jpg 1536w, https:\/\/blindkunst.no\/wp-content\/uploads\/2025\/01\/IMG_0346.jpg 1800w\" sizes=\"(max-width: 800px) 100vw, 800px\" \/><br \/>Tusen takk til alle dere som fortalte deres historier og stilte opp som fotomodeller!<\/strong><\/p><p>Spesiell takk til:<\/p><ul><li>Norges Blindeforbunds Ungdom ved Silje Solvang<\/li><li>Emilie Skjellerudsveen Johnsen for kostymedesign<\/li><li>Anette Skjellerudsveen for makeup<\/li><li>Afrora Ajurli for h\u00e5rstyling<\/li><li>St\u00e5le Jensen for nettsiden<\/li><li>Siw Styve for veiledning og brenning av keramikk<\/li><li>Marianne Hope for grafisk design<\/li><\/ul><p>Takk ogs\u00e5 til:<\/p><p>Irene Elise Hamborg, AnneG, Ottar A.B. Anderson, Svein-Tore Iversen,<br \/>Cameratene, Espen Pedersen, Henrik Lien, Carin og Morgan.<\/p>\t\t\t\t\t\t<\/div>\n\t\t\t\t<\/div>\n\t\t\t\t<div class=\"elementor-element elementor-element-533cb27 elementor-widget-divider--view-line elementor-widget elementor-widget-divider\" data-id=\"533cb27\" data-element_type=\"widget\" data-widget_type=\"divider.default\">\n\t\t\t\t<div class=\"elementor-widget-container\">\n\t\t\t\t\t<div class=\"elementor-divider\">\n\t\t\t<span class=\"elementor-divider-separator\">\n\t\t\t\t\t\t<\/span>\n\t\t<\/div>\n\t\t\t\t<\/div>\n\t\t\t\t<\/div>\n\t\t\t\t\t<\/div>\n\t\t\t\t<\/div>\n\t\t<div class=\"elementor-element elementor-element-c0de80f e-flex e-con-boxed e-con e-parent\" data-id=\"c0de80f\" data-element_type=\"container\">\n\t\t\t\t\t<div class=\"e-con-inner\">\n\t\t\t\t<div class=\"elementor-element elementor-element-f4831b6 elementor-widget elementor-widget-spacer\" data-id=\"f4831b6\" data-element_type=\"widget\" data-widget_type=\"spacer.default\">\n\t\t\t\t<div class=\"elementor-widget-container\">\n\t\t\t\t\t<div class=\"elementor-spacer\">\n\t\t\t<div class=\"elementor-spacer-inner\"><\/div>\n\t\t<\/div>\n\t\t\t\t<\/div>\n\t\t\t\t<\/div>\n\t\t\t\t<div class=\"elementor-element elementor-element-d96be7e elementor-widget elementor-widget-text-editor\" data-id=\"d96be7e\" data-element_type=\"widget\" data-widget_type=\"text-editor.default\">\n\t\t\t\t<div class=\"elementor-widget-container\">\n\t\t\t\t\t\t\t<h3>St\u00f8ttet av<\/h3><h3><img loading=\"lazy\" decoding=\"async\" class=\"alignnone wp-image-475 size-medium\" src=\"https:\/\/blindkunst.no\/wp-content\/uploads\/2024\/05\/images-300x117.png\" alt=\"Logo, LNU LNU - Norges barne- og ungdomsorganisasjoner\" width=\"300\" height=\"117\" srcset=\"https:\/\/blindkunst.no\/wp-content\/uploads\/2024\/05\/images-300x117.png 300w, https:\/\/blindkunst.no\/wp-content\/uploads\/2024\/05\/images.png 360w\" sizes=\"(max-width: 300px) 100vw, 300px\" \/> <img loading=\"lazy\" decoding=\"async\" class=\"alignnone wp-image-476 size-medium\" src=\"https:\/\/blindkunst.no\/wp-content\/uploads\/2024\/05\/KR_Kulturradet-300x117.png\" alt=\"Logo kulturr\u00e5det\" width=\"300\" height=\"117\" srcset=\"https:\/\/blindkunst.no\/wp-content\/uploads\/2024\/05\/KR_Kulturradet-300x117.png 300w, https:\/\/blindkunst.no\/wp-content\/uploads\/2024\/05\/KR_Kulturradet.png 360w\" sizes=\"(max-width: 300px) 100vw, 300px\" \/> <img loading=\"lazy\" decoding=\"async\" class=\"alignnone wp-image-477 size-medium\" src=\"https:\/\/blindkunst.no\/wp-content\/uploads\/2024\/05\/logo-header-300x117.png\" alt=\"Logo Norske Fagfotografers Fond\" width=\"300\" height=\"117\" srcset=\"https:\/\/blindkunst.no\/wp-content\/uploads\/2024\/05\/logo-header-300x117.png 300w, https:\/\/blindkunst.no\/wp-content\/uploads\/2024\/05\/logo-header.png 360w\" sizes=\"(max-width: 300px) 100vw, 300px\" \/>\u00a0\u00a0<\/h3>\t\t\t\t\t\t<\/div>\n\t\t\t\t<\/div>\n\t\t\t\t\t<\/div>\n\t\t\t\t<\/div>\n\t\t<div class=\"elementor-element elementor-element-a0191bc e-flex e-con-boxed e-con e-parent\" data-id=\"a0191bc\" data-element_type=\"container\">\n\t\t\t\t\t<div class=\"e-con-inner\">\n\t\t\t\t<div class=\"elementor-element elementor-element-2c69663 elementor-widget elementor-widget-spacer\" data-id=\"2c69663\" data-element_type=\"widget\" data-widget_type=\"spacer.default\">\n\t\t\t\t<div class=\"elementor-widget-container\">\n\t\t\t\t\t<div class=\"elementor-spacer\">\n\t\t\t<div class=\"elementor-spacer-inner\"><\/div>\n\t\t<\/div>\n\t\t\t\t<\/div>\n\t\t\t\t<\/div>\n\t\t\t\t<div class=\"elementor-element elementor-element-b8f5706 elementor-widget elementor-widget-text-editor\" data-id=\"b8f5706\" data-element_type=\"widget\" data-widget_type=\"text-editor.default\">\n\t\t\t\t<div class=\"elementor-widget-container\">\n\t\t\t\t\t\t\t<h3>\u00a0<\/h3><h3>Samarbeidspartnere<\/h3><p><img loading=\"lazy\" decoding=\"async\" class=\"alignleft wp-image-162 size-medium\" src=\"https:\/\/blindkunst.no\/wp-content\/uploads\/2024\/04\/logo_google-300x300.png\" alt=\"Logo Webio\" width=\"300\" height=\"300\" srcset=\"https:\/\/blindkunst.no\/wp-content\/uploads\/2024\/04\/logo_google-300x300.png 300w, https:\/\/blindkunst.no\/wp-content\/uploads\/2024\/04\/logo_google-150x150.png 150w, https:\/\/blindkunst.no\/wp-content\/uploads\/2024\/04\/logo_google.png 675w\" sizes=\"(max-width: 300px) 100vw, 300px\" \/><br \/><img loading=\"lazy\" decoding=\"async\" class=\"alignleft wp-image-149\" src=\"https:\/\/blindkunst.no\/wp-content\/uploads\/2024\/04\/straah_logo-300x212.png\" alt=\"Logo STR\u00c5H h\u00e5rspesialisten\" width=\"424\" height=\"300\" srcset=\"https:\/\/blindkunst.no\/wp-content\/uploads\/2024\/04\/straah_logo-300x212.png 300w, https:\/\/blindkunst.no\/wp-content\/uploads\/2024\/04\/straah_logo-1024x724.png 1024w, https:\/\/blindkunst.no\/wp-content\/uploads\/2024\/04\/straah_logo-768x543.png 768w, https:\/\/blindkunst.no\/wp-content\/uploads\/2024\/04\/straah_logo-1536x1086.png 1536w, https:\/\/blindkunst.no\/wp-content\/uploads\/2024\/04\/straah_logo-2048x1448.png 2048w\" sizes=\"(max-width: 424px) 100vw, 424px\" \/><img loading=\"lazy\" decoding=\"async\" class=\"alignleft wp-image-148 size-medium\" src=\"https:\/\/blindkunst.no\/wp-content\/uploads\/2024\/04\/logo_majestic_medusa-212x300.png\" alt=\"Logo Majestic Medusa (Emilie Skjellerudsveen Johnsen)\" width=\"212\" height=\"300\" srcset=\"https:\/\/blindkunst.no\/wp-content\/uploads\/2024\/04\/logo_majestic_medusa-212x300.png 212w, https:\/\/blindkunst.no\/wp-content\/uploads\/2024\/04\/logo_majestic_medusa-724x1024.png 724w, https:\/\/blindkunst.no\/wp-content\/uploads\/2024\/04\/logo_majestic_medusa-768x1086.png 768w, https:\/\/blindkunst.no\/wp-content\/uploads\/2024\/04\/logo_majestic_medusa-1086x1536.png 1086w, https:\/\/blindkunst.no\/wp-content\/uploads\/2024\/04\/logo_majestic_medusa-1448x2048.png 1448w\" sizes=\"(max-width: 212px) 100vw, 212px\" \/> <img loading=\"lazy\" decoding=\"async\" class=\"alignleft wp-image-160 size-medium\" src=\"https:\/\/blindkunst.no\/wp-content\/uploads\/2024\/04\/Logo_SiwsKeramikk_Black_Red-2-300x300.png\" alt=\"Logo Siws Keramikk\" width=\"300\" height=\"300\" srcset=\"https:\/\/blindkunst.no\/wp-content\/uploads\/2024\/04\/Logo_SiwsKeramikk_Black_Red-2-300x300.png 300w, https:\/\/blindkunst.no\/wp-content\/uploads\/2024\/04\/Logo_SiwsKeramikk_Black_Red-2-150x150.png 150w, https:\/\/blindkunst.no\/wp-content\/uploads\/2024\/04\/Logo_SiwsKeramikk_Black_Red-2.png 480w\" sizes=\"(max-width: 300px) 100vw, 300px\" \/><img loading=\"lazy\" decoding=\"async\" class=\"alignleft wp-image-759\" src=\"https:\/\/blindkunst.no\/wp-content\/uploads\/2024\/10\/NBfU-logo-300x300.jpeg\" alt=\"Logo Norges Blindeforbunds Ungdom\" width=\"300\" height=\"300\" srcset=\"https:\/\/blindkunst.no\/wp-content\/uploads\/2024\/10\/NBfU-logo-300x300.jpeg 300w, https:\/\/blindkunst.no\/wp-content\/uploads\/2024\/10\/NBfU-logo-150x150.jpeg 150w, https:\/\/blindkunst.no\/wp-content\/uploads\/2024\/10\/NBfU-logo.jpeg 378w\" sizes=\"(max-width: 300px) 100vw, 300px\" \/><\/p>\t\t\t\t\t\t<\/div>\n\t\t\t\t<\/div>\n\t\t\t\t\t<\/div>\n\t\t\t\t<\/div>\n\t\t<div class=\"elementor-element elementor-element-5551f11 e-flex e-con-boxed e-con e-parent\" data-id=\"5551f11\" data-element_type=\"container\">\n\t\t\t\t\t<div class=\"e-con-inner\">\n\t\t\t\t<div class=\"elementor-element elementor-element-0742fe4 elementor-widget elementor-widget-spacer\" data-id=\"0742fe4\" data-element_type=\"widget\" data-widget_type=\"spacer.default\">\n\t\t\t\t<div class=\"elementor-widget-container\">\n\t\t\t\t\t<div class=\"elementor-spacer\">\n\t\t\t<div class=\"elementor-spacer-inner\"><\/div>\n\t\t<\/div>\n\t\t\t\t<\/div>\n\t\t\t\t<\/div>\n\t\t\t\t<div class=\"elementor-element elementor-element-7384444 elementor-widget elementor-widget-text-editor\" data-id=\"7384444\" data-element_type=\"widget\" data-widget_type=\"text-editor.default\">\n\t\t\t\t<div class=\"elementor-widget-container\">\n\t\t\t\t\t\t\t<h3>\u00a0<\/h3><h3>St\u00f8ttespillere<\/h3><p><img loading=\"lazy\" decoding=\"async\" class=\"alignleft wp-image-758\" src=\"https:\/\/blindkunst.no\/wp-content\/uploads\/2024\/10\/reklameprint-300x300.png\" alt=\"Logo reklameprint\" width=\"300\" height=\"300\" srcset=\"https:\/\/blindkunst.no\/wp-content\/uploads\/2024\/10\/reklameprint-300x300.png 300w, https:\/\/blindkunst.no\/wp-content\/uploads\/2024\/10\/reklameprint-150x150.png 150w, https:\/\/blindkunst.no\/wp-content\/uploads\/2024\/10\/reklameprint.png 500w\" sizes=\"(max-width: 300px) 100vw, 300px\" \/><img loading=\"lazy\" decoding=\"async\" class=\"alignleft wp-image-745\" src=\"https:\/\/blindkunst.no\/wp-content\/uploads\/2024\/10\/Devoldfabrikken_logo_sort_gjennomsiktig-300x300.png\" alt=\"Logo Fevold Fabrikken\" width=\"299\" height=\"300\" srcset=\"https:\/\/blindkunst.no\/wp-content\/uploads\/2024\/10\/Devoldfabrikken_logo_sort_gjennomsiktig-300x300.png 300w, https:\/\/blindkunst.no\/wp-content\/uploads\/2024\/10\/Devoldfabrikken_logo_sort_gjennomsiktig-150x150.png 150w, https:\/\/blindkunst.no\/wp-content\/uploads\/2024\/10\/Devoldfabrikken_logo_sort_gjennomsiktig-768x770.png 768w, https:\/\/blindkunst.no\/wp-content\/uploads\/2024\/10\/Devoldfabrikken_logo_sort_gjennomsiktig.png 901w\" sizes=\"(max-width: 299px) 100vw, 299px\" \/><img loading=\"lazy\" decoding=\"async\" class=\"alignleft wp-image-815 size-medium\" src=\"https:\/\/blindkunst.no\/wp-content\/uploads\/2024\/10\/sula_rutelag-300x300.png\" alt=\"Logo Sula Rutelag\" width=\"300\" height=\"300\" srcset=\"https:\/\/blindkunst.no\/wp-content\/uploads\/2024\/10\/sula_rutelag-300x300.png 300w, https:\/\/blindkunst.no\/wp-content\/uploads\/2024\/10\/sula_rutelag-150x150.png 150w, https:\/\/blindkunst.no\/wp-content\/uploads\/2024\/10\/sula_rutelag.png 495w\" sizes=\"(max-width: 300px) 100vw, 300px\" \/><\/p>\t\t\t\t\t\t<\/div>\n\t\t\t\t<\/div>\n\t\t\t\t\t<\/div>\n\t\t\t\t<\/div>\n\t\t<div class=\"elementor-element elementor-element-8ef3ea5 e-con-full e-flex e-con e-parent\" data-id=\"8ef3ea5\" data-element_type=\"container\">\n\t\t\t\t<div class=\"elementor-element elementor-element-13aa9d8 elementor-widget elementor-widget-spacer\" data-id=\"13aa9d8\" data-element_type=\"widget\" data-widget_type=\"spacer.default\">\n\t\t\t\t<div class=\"elementor-widget-container\">\n\t\t\t\t\t<div class=\"elementor-spacer\">\n\t\t\t<div class=\"elementor-spacer-inner\"><\/div>\n\t\t<\/div>\n\t\t\t\t<\/div>\n\t\t\t\t<\/div>\n\t\t\t\t<div class=\"elementor-element elementor-element-84b32df elementor-widget elementor-widget-image\" data-id=\"84b32df\" data-element_type=\"widget\" data-widget_type=\"image.default\">\n\t\t\t\t<div class=\"elementor-widget-container\">\n\t\t\t\t\t\t\t\t\t\t\t\t\t<img loading=\"lazy\" decoding=\"async\" width=\"2500\" height=\"1668\" src=\"https:\/\/blindkunst.no\/wp-content\/uploads\/2024\/05\/Blindkunst-forside-web-0148.jpg\" class=\"attachment-full size-full wp-image-380\" alt=\"Bildet viser en person sett bakfra. Personen har langt, brunt h\u00e5r og har p\u00e5 seg en hvit dressjakke. Pa ryggen av jakken st\u00e5r det &quot;SER DU DET N\u00c5&quot; i fargerike bokstaver satt sammen av sm\u00e5 glass\u00f8yne. Personen holder armene opp og peker bak mot teksten p\u00e5 ryggen av dressjakken.\" srcset=\"https:\/\/blindkunst.no\/wp-content\/uploads\/2024\/05\/Blindkunst-forside-web-0148.jpg 2500w, https:\/\/blindkunst.no\/wp-content\/uploads\/2024\/05\/Blindkunst-forside-web-0148-300x200.jpg 300w, https:\/\/blindkunst.no\/wp-content\/uploads\/2024\/05\/Blindkunst-forside-web-0148-1024x683.jpg 1024w, https:\/\/blindkunst.no\/wp-content\/uploads\/2024\/05\/Blindkunst-forside-web-0148-768x512.jpg 768w, https:\/\/blindkunst.no\/wp-content\/uploads\/2024\/05\/Blindkunst-forside-web-0148-1536x1025.jpg 1536w, https:\/\/blindkunst.no\/wp-content\/uploads\/2024\/05\/Blindkunst-forside-web-0148-2048x1366.jpg 2048w\" sizes=\"(max-width: 2500px) 100vw, 2500px\" \/>\t\t\t\t\t\t\t\t\t\t\t\t\t<\/div>\n\t\t\t\t<\/div>\n\t\t\t\t<\/div>\n\t\t<div class=\"elementor-element elementor-element-a2427f9 e-flex e-con-boxed e-con e-parent\" data-id=\"a2427f9\" data-element_type=\"container\">\n\t\t\t\t\t<div class=\"e-con-inner\">\n\t\t\t\t<div class=\"elementor-element elementor-element-a403b70 elementor-widget elementor-widget-text-editor\" data-id=\"a403b70\" data-element_type=\"widget\" data-widget_type=\"text-editor.default\">\n\t\t\t\t<div class=\"elementor-widget-container\">\n\t\t\t\t\t\t\t<h2 style=\"text-align: center;\"><strong><a href=\"https:\/\/werneranderson.no\">WernerAnderson.no<\/a>\u00a0<br \/><br \/><\/strong><\/h2><p style=\"text-align: center;\"><a href=\"https:\/\/www.instagram.com\/werner_anderson\/\"><img loading=\"lazy\" decoding=\"async\" class=\"alignnone wp-image-497 size-thumbnail\" src=\"https:\/\/blindkunst.no\/wp-content\/uploads\/2024\/05\/Instagram_icon-150x150.png\" alt=\"Instagram icon - klikk for \u00e5 g\u00e5 til Werner Anderson's Instagram profil\" width=\"150\" height=\"150\" srcset=\"https:\/\/blindkunst.no\/wp-content\/uploads\/2024\/05\/Instagram_icon-150x150.png 150w, https:\/\/blindkunst.no\/wp-content\/uploads\/2024\/05\/Instagram_icon-300x300.png 300w, https:\/\/blindkunst.no\/wp-content\/uploads\/2024\/05\/Instagram_icon-1024x1024.png 1024w, https:\/\/blindkunst.no\/wp-content\/uploads\/2024\/05\/Instagram_icon-768x768.png 768w, https:\/\/blindkunst.no\/wp-content\/uploads\/2024\/05\/Instagram_icon.png 1200w\" sizes=\"(max-width: 150px) 100vw, 150px\" \/><\/a><br \/><a href=\"https:\/\/www.instagram.com\/werner_anderson\/\">@werner_anderson<\/a><\/p>\t\t\t\t\t\t<\/div>\n\t\t\t\t<\/div>\n\t\t\t\t\t<\/div>\n\t\t\t\t<\/div>\n\t\t<div class=\"elementor-element elementor-element-7b8249c e-flex e-con-boxed e-con e-parent\" data-id=\"7b8249c\" data-element_type=\"container\">\n\t\t\t\t\t<div class=\"e-con-inner\">\n\t\t\t\t<div class=\"elementor-element elementor-element-471f48c elementor-widget elementor-widget-text-editor\" data-id=\"471f48c\" data-element_type=\"widget\" data-widget_type=\"text-editor.default\">\n\t\t\t\t<div class=\"elementor-widget-container\">\n\t\t\t\t\t\t\t<p style=\"text-align: center;\">\u00a9 Werner Anderson 2024 &#8211; Nettl\u00f8sning levert av <a href=\"https:\/\/webio.no\" target=\"_blank\" rel=\"noopener\">Webio<\/a><\/p>\t\t\t\t\t\t<\/div>\n\t\t\t\t<\/div>\n\t\t\t\t\t<\/div>\n\t\t\t\t<\/div>\n\t\t\t\t<\/div>\n\t\t","protected":false},"excerpt":{"rendered":"<p>SER DU DET N\u00c5 &#8211; et kunstprosjekt av Werner Anderson Jeg har m\u00f8tt personer med ulike grader av synskvalitet. Disse har jeg hatt samtaler med om hva det egentlig betyr \u00e5 se, og jeg har fotografert \u00f8ynene deres helt tett innp\u00e5. Hva betyr det \u00e5 se? Betyr kunst noe for en som er blind? Hvordan [&hellip;]<\/p>\n","protected":false},"author":1,"featured_media":0,"parent":0,"menu_order":0,"comment_status":"closed","ping_status":"closed","template":"","meta":{"footnotes":""},"class_list":["post-12","page","type-page","status-publish","hentry"],"_links":{"self":[{"href":"https:\/\/blindkunst.no\/index.php\/wp-json\/wp\/v2\/pages\/12","targetHints":{"allow":["GET"]}}],"collection":[{"href":"https:\/\/blindkunst.no\/index.php\/wp-json\/wp\/v2\/pages"}],"about":[{"href":"https:\/\/blindkunst.no\/index.php\/wp-json\/wp\/v2\/types\/page"}],"author":[{"embeddable":true,"href":"https:\/\/blindkunst.no\/index.php\/wp-json\/wp\/v2\/users\/1"}],"replies":[{"embeddable":true,"href":"https:\/\/blindkunst.no\/index.php\/wp-json\/wp\/v2\/comments?post=12"}],"version-history":[{"count":669,"href":"https:\/\/blindkunst.no\/index.php\/wp-json\/wp\/v2\/pages\/12\/revisions"}],"predecessor-version":[{"id":844,"href":"https:\/\/blindkunst.no\/index.php\/wp-json\/wp\/v2\/pages\/12\/revisions\/844"}],"wp:attachment":[{"href":"https:\/\/blindkunst.no\/index.php\/wp-json\/wp\/v2\/media?parent=12"}],"curies":[{"name":"wp","href":"https:\/\/api.w.org\/{rel}","templated":true}]}}